{"id":7537,"date":"2017-01-31T23:58:28","date_gmt":"2017-01-31T23:58:28","guid":{"rendered":"http:\/\/www.sanserif.es\/?page_id=7537\/"},"modified":"2017-02-07T10:15:29","modified_gmt":"2017-02-07T10:15:29","slug":"blog-en","status":"publish","type":"page","link":"https:\/\/www.sanserif.es\/en\/blog-en\/","title":{"rendered":"Blog"},"content":{"rendered":"<p>[vc_row css_animation=&#8221;&#8221; row_type=&#8221;row&#8221; use_row_as_full_screen_section=&#8221;no&#8221; type=&#8221;grid&#8221; angled_section=&#8221;no&#8221; text_align=&#8221;left&#8221; background_image_as_pattern=&#8221;without_pattern&#8221; padding_top=&#8221;100&#8243; padding_bottom=&#8221;120&#8243;][vc_column]<div class='q_masonry_blog'><div class=\"q_masonry_blog_grid_sizer\"><\/div><div class=\"q_masonry_blog_grid_gutter\"><\/div><article  class='post-10415 post type-post status-publish format-standard has-post-thumbnail hentry category-decoration category-interior-design tag-homereform tag-kineticart tag-make-your-dreams-come-true tag-rehabilitation '><div class=\"q_masonry_blog_post_image\"><a itemprop=\"url\" href=\"https:\/\/www.sanserif.es\/en\/el-tiempo-de-una-reforma\/\" target=\"_self\"><img itemprop=\"image\" src=\"https:\/\/www.sanserif.es\/wp-content\/uploads\/2023\/11\/Sanserif-Duracion-Obras.webp\" \/><\/a><\/div><div class=\"q_masonry_blog_post_text\"><h5 itemprop=\"name\" class=\"q_masonry_blog_title entry_title\"><a itemprop=\"url\" href=\"https:\/\/www.sanserif.es\/en\/el-tiempo-de-una-reforma\/\">Time for a reform<\/a><\/h5><p itemprop=\"description\" class=\"q_masonry_blog_excerpt\">An illustrative response can be given, or a delivery date for a project can be set, obviously always being generous when leaving some margins for unforeseen circumstances. Because as we all know, when a wall is open there are always lots of hidden surprises that......<\/p><div class=\"q_masonry_blog_post_info\"><span itemprop=\"dateCreated\" class=\"time entry_date updated\">01 November, 2023<meta itemprop=\"interactionCount\" content=\"UserComments: <?php echo get_comments_number(qode_get_page_id()); ?>\"\/><\/span> \/ <a itemprop=\"url\" class=\"post_comments\" href=\"https:\/\/www.sanserif.es\/en\/el-tiempo-de-una-reforma\/#respond\">No comment<\/a><\/div><\/div><\/article><article  class='post-10376 post type-post status-publish format-standard has-post-thumbnail hentry category-architecture category-decoration category-interior-design tag-brickwall tag-industrial-style tag-loft-en tag-manhattan-en tag-new-york tag-sanserif-creatius-en tag-sanserif-es-en tag-woody-allen-en '><div class=\"q_masonry_blog_post_image\"><a itemprop=\"url\" href=\"https:\/\/www.sanserif.es\/en\/a-white-canvas-inspired-by-new-york-lofts\/\" target=\"_self\"><img itemprop=\"image\" src=\"https:\/\/www.sanserif.es\/wp-content\/uploads\/2023\/10\/Sanserif-Un-lienzo-en-blanco-inspirado-en-los-lofts-neoyorquinos.jpg\" \/><\/a><\/div><div class=\"q_masonry_blog_post_text\"><h5 itemprop=\"name\" class=\"q_masonry_blog_title entry_title\"><a itemprop=\"url\" href=\"https:\/\/www.sanserif.es\/en\/a-white-canvas-inspired-by-new-york-lofts\/\">A white canvas inspired by New York lofts<\/a><\/h5><p itemprop=\"description\" class=\"q_masonry_blog_excerpt\">A whitewashed brick wall is like a movie set, it can host whatever your imagination proposes, although it is easy to look for the classical industrial atmosphere of Manhattan lofts. Metals, rough woods and large windows paint a perfect picture for a Woody Allen film,......<\/p><div class=\"q_masonry_blog_post_info\"><span itemprop=\"dateCreated\" class=\"time entry_date updated\">10 October, 2023<meta itemprop=\"interactionCount\" content=\"UserComments: <?php echo get_comments_number(qode_get_page_id()); ?>\"\/><\/span> \/ <a itemprop=\"url\" class=\"post_comments\" href=\"https:\/\/www.sanserif.es\/en\/a-white-canvas-inspired-by-new-york-lofts\/#respond\">No comment<\/a><\/div><\/div><\/article><article  class='post-10357 post type-post status-publish format-standard has-post-thumbnail hentry category-communication category-disability category-graphic-design-en category-trademark tag-cermi-en tag-discapacidad-en tag-labora tag-xarxa-capacitem '><div class=\"q_masonry_blog_post_image\"><a itemprop=\"url\" href=\"https:\/\/www.sanserif.es\/en\/project-xarxa-capacitem\/\" target=\"_self\"><img itemprop=\"image\" src=\"https:\/\/www.sanserif.es\/wp-content\/uploads\/2023\/10\/Sanserif-Cermi-XARXACAPACITEM-Marca.jpg\" \/><\/a><\/div><div class=\"q_masonry_blog_post_text\"><h5 itemprop=\"name\" class=\"q_masonry_blog_title entry_title\"><a itemprop=\"url\" href=\"https:\/\/www.sanserif.es\/en\/project-xarxa-capacitem\/\">Project Xarxa Capacitem<\/a><\/h5><p itemprop=\"description\" class=\"q_masonry_blog_excerpt\">Creating a network to facilitate the access to the labor market for people with disabilities. An innovative project that arises from the collaboration of LABORA and CERMI CV (the Driving Group of the Committee of Entities Representatives of People with Disabilities of the Valencian Community)......<\/p><div class=\"q_masonry_blog_post_info\"><span itemprop=\"dateCreated\" class=\"time entry_date updated\">01 October, 2023<meta itemprop=\"interactionCount\" content=\"UserComments: <?php echo get_comments_number(qode_get_page_id()); ?>\"\/><\/span> \/ <a itemprop=\"url\" class=\"post_comments\" href=\"https:\/\/www.sanserif.es\/en\/project-xarxa-capacitem\/#respond\">No comment<\/a><\/div><\/div><\/article><article  class='post-10354 post type-post status-publish format-standard has-post-thumbnail hentry category-decoration category-interior-design tag-american-house tag-dreams-come-true tag-natural-woods tag-sanserif-creatius-en tag-sanserif-es-en tag-teletrabajo-en tag-white '><div class=\"q_masonry_blog_post_image\"><a itemprop=\"url\" href=\"https:\/\/www.sanserif.es\/en\/espacio-para-un-despacho-en-una-casa-americana\/\" target=\"_self\"><img itemprop=\"image\" src=\"https:\/\/www.sanserif.es\/wp-content\/uploads\/2023\/09\/Sanserif-Teletrabajo-2.jpg\" \/><\/a><\/div><div class=\"q_masonry_blog_post_text\"><h5 itemprop=\"name\" class=\"q_masonry_blog_title entry_title\"><a itemprop=\"url\" href=\"https:\/\/www.sanserif.es\/en\/espacio-para-un-despacho-en-una-casa-americana\/\">Space for an office in an American house<\/a><\/h5><p itemprop=\"description\" class=\"q_masonry_blog_excerpt\">If you are a fan of decoration and you usually watch the TV shows about reforms, you would have noticed that for an American family there is never enough space for living in a house. They love the concept of open kitchens and the house......<\/p><div class=\"q_masonry_blog_post_info\"><span itemprop=\"dateCreated\" class=\"time entry_date updated\">23 September, 2023<meta itemprop=\"interactionCount\" content=\"UserComments: <?php echo get_comments_number(qode_get_page_id()); ?>\"\/><\/span> \/ <a itemprop=\"url\" class=\"post_comments\" href=\"https:\/\/www.sanserif.es\/en\/espacio-para-un-despacho-en-una-casa-americana\/#respond\">No comment<\/a><\/div><\/div><\/article><article  class='post-10360 post type-post status-publish format-standard has-post-thumbnail hentry category-decoration category-interior-design tag-lotr-en tag-natural-woods tag-nimloth-en tag-numenor-en tag-tolkien tag-warm-tones tag-white '><div class=\"q_masonry_blog_post_image\"><a itemprop=\"url\" href=\"https:\/\/www.sanserif.es\/en\/interiores-luminosos-para-teletrabajar\/\" target=\"_self\"><img itemprop=\"image\" src=\"https:\/\/www.sanserif.es\/wp-content\/uploads\/2023\/09\/Sanserif-Teletrabajo-1.jpg\" \/><\/a><\/div><div class=\"q_masonry_blog_post_text\"><h5 itemprop=\"name\" class=\"q_masonry_blog_title entry_title\"><a itemprop=\"url\" href=\"https:\/\/www.sanserif.es\/en\/interiores-luminosos-para-teletrabajar\/\">Luminous indoors for teleworking<\/a><\/h5><p itemprop=\"description\" class=\"q_masonry_blog_excerpt\">There is nothing better than natural light to feel great, relaxed and therefore be more productive. For that reason, if you are one of those who telework or usually continue the working day at home, your space requires white, natural woods and windows. White is......<\/p><div class=\"q_masonry_blog_post_info\"><span itemprop=\"dateCreated\" class=\"time entry_date updated\">19 September, 2023<meta itemprop=\"interactionCount\" content=\"UserComments: <?php echo get_comments_number(qode_get_page_id()); ?>\"\/><\/span> \/ <a itemprop=\"url\" class=\"post_comments\" href=\"https:\/\/www.sanserif.es\/en\/interiores-luminosos-para-teletrabajar\/#respond\">No comment<\/a><\/div><\/div><\/article><article  class='post-10363 post type-post status-publish format-standard has-post-thumbnail hentry category-ceramic category-crafts category-ecodesign-en category-evento-en category-fair category-making-off-en tag-ceramica-oberta tag-manises-en tag-pet-friendly-en tag-sanserif-creatius-en tag-sanserif-es-en tag-sustainability '><div class=\"q_masonry_blog_post_image\"><a itemprop=\"url\" href=\"https:\/\/www.sanserif.es\/en\/ceramica-oberta-wants-to-repeat-in-2023\/\" target=\"_self\"><img itemprop=\"image\" src=\"https:\/\/www.sanserif.es\/wp-content\/uploads\/2023\/09\/CO23-Queremos-que-vuelva.webp\" \/><\/a><\/div><div class=\"q_masonry_blog_post_text\"><h5 itemprop=\"name\" class=\"q_masonry_blog_title entry_title\"><a itemprop=\"url\" href=\"https:\/\/www.sanserif.es\/en\/ceramica-oberta-wants-to-repeat-in-2023\/\">Cer\u00e0mica oberta wants to repeat in 2023<\/a><\/h5><p itemprop=\"description\" class=\"q_masonry_blog_excerpt\">Being able to enter an intimate space and see how the handmade pieces are made, sharing the experience side by side with a master craftsman, and even being able to use your own hands to shape the clay&#8230; with that spirit, Cer\u00e0mica Oberta was born......<\/p><div class=\"q_masonry_blog_post_info\"><span itemprop=\"dateCreated\" class=\"time entry_date updated\">08 September, 2023<meta itemprop=\"interactionCount\" content=\"UserComments: <?php echo get_comments_number(qode_get_page_id()); ?>\"\/><\/span> \/ <a itemprop=\"url\" class=\"post_comments\" href=\"https:\/\/www.sanserif.es\/en\/ceramica-oberta-wants-to-repeat-in-2023\/#respond\">No comment<\/a><\/div><\/div><\/article><article  class='post-10371 post type-post status-publish format-standard has-post-thumbnail hentry category-decoration category-interior-design tag-ola-de-calor-en tag-tonos-arena-en tag-ventilador-en '><div class=\"q_masonry_blog_post_image\"><a itemprop=\"url\" href=\"https:\/\/www.sanserif.es\/en\/sentirte-como-en-la-playa-en-tu-propia-casa\/\" target=\"_self\"><img itemprop=\"image\" src=\"https:\/\/www.sanserif.es\/wp-content\/uploads\/2023\/10\/Sanserif-Arena-y-ventilador-scaled.jpeg\" \/><\/a><\/div><div class=\"q_masonry_blog_post_text\"><h5 itemprop=\"name\" class=\"q_masonry_blog_title entry_title\"><a itemprop=\"url\" href=\"https:\/\/www.sanserif.es\/en\/sentirte-como-en-la-playa-en-tu-propia-casa\/\">You will feel as if you had the beach in your own house<\/a><\/h5><p itemprop=\"description\" class=\"q_masonry_blog_excerpt\">Obviously, you won\u2019t have the need of spreading out the beach towel in your living room and being exposed to the high temperatures of the successive heat waves while looking for the perfect suntan. Rather, we want you to feel the breeze of the sea......<\/p><div class=\"q_masonry_blog_post_info\"><span itemprop=\"dateCreated\" class=\"time entry_date updated\">08 August, 2023<meta itemprop=\"interactionCount\" content=\"UserComments: <?php echo get_comments_number(qode_get_page_id()); ?>\"\/><\/span> \/ <a itemprop=\"url\" class=\"post_comments\" href=\"https:\/\/www.sanserif.es\/en\/sentirte-como-en-la-playa-en-tu-propia-casa\/#respond\">No comment<\/a><\/div><\/div><\/article><article  class='post-10381 post type-post status-publish format-standard has-post-thumbnail hentry category-decoration category-interior-design tag-dreams-come-true tag-home-decor tag-industrial-style tag-inspire-ideas-en tag-sanserif-creatius-en tag-sanserif-es-en '><div class=\"q_masonry_blog_post_image\"><a itemprop=\"url\" href=\"https:\/\/www.sanserif.es\/en\/suenos-industriales\/\" target=\"_self\"><img itemprop=\"image\" src=\"https:\/\/www.sanserif.es\/wp-content\/uploads\/2023\/06\/Sanserif-Estilo-Industrial-en-3D.jpg\" \/><\/a><\/div><div class=\"q_masonry_blog_post_text\"><h5 itemprop=\"name\" class=\"q_masonry_blog_title entry_title\"><a itemprop=\"url\" href=\"https:\/\/www.sanserif.es\/en\/suenos-industriales\/\">Industrial dreams<\/a><\/h5><p itemprop=\"description\" class=\"q_masonry_blog_excerpt\">We can make your dreams come true and with the latest modeling 3D technology, you don\u2019t have to imagine it\u2026 For example, this would be a contemporary, functional, versatil and cool industrial space. A space in which the bareness of the structures, the wood, the......<\/p><div class=\"q_masonry_blog_post_info\"><span itemprop=\"dateCreated\" class=\"time entry_date updated\">28 June, 2023<meta itemprop=\"interactionCount\" content=\"UserComments: <?php echo get_comments_number(qode_get_page_id()); ?>\"\/><\/span> \/ <a itemprop=\"url\" class=\"post_comments\" href=\"https:\/\/www.sanserif.es\/en\/suenos-industriales\/#respond\">No comment<\/a><\/div><\/div><\/article><article  class='post-10396 post type-post status-publish format-standard has-post-thumbnail hentry category-decoration category-interior-design tag-dreams-come-true tag-espacio-multifuncional-en tag-hacer-realidad-tus-suenos-en tag-inspire-ideas-en tag-multipurpose-space tag-offices tag-sanserif-creatius-en tag-sanserif-es-en tag-versatilidad-en '><div class=\"q_masonry_blog_post_image\"><a itemprop=\"url\" href=\"https:\/\/www.sanserif.es\/en\/cuando-la-vivienda-tambien-es-un-lugar-de-trabajo\/\" target=\"_self\"><img itemprop=\"image\" src=\"https:\/\/www.sanserif.es\/wp-content\/uploads\/2023\/06\/Sanserif-La-oficina-en-casa.webp\" \/><\/a><\/div><div class=\"q_masonry_blog_post_text\"><h5 itemprop=\"name\" class=\"q_masonry_blog_title entry_title\"><a itemprop=\"url\" href=\"https:\/\/www.sanserif.es\/en\/cuando-la-vivienda-tambien-es-un-lugar-de-trabajo\/\">When the home is also a place of work<\/a><\/h5><p itemprop=\"description\" class=\"q_masonry_blog_excerpt\">It is becoming more and more normal to leave the city for working and living, due to teleworking and the need for contact with the outside world recovered after the Covid pandemic. In true American style, many people have converted their single family home into......<\/p><div class=\"q_masonry_blog_post_info\"><span itemprop=\"dateCreated\" class=\"time entry_date updated\">20 June, 2023<meta itemprop=\"interactionCount\" content=\"UserComments: <?php echo get_comments_number(qode_get_page_id()); ?>\"\/><\/span> \/ <a itemprop=\"url\" class=\"post_comments\" href=\"https:\/\/www.sanserif.es\/en\/cuando-la-vivienda-tambien-es-un-lugar-de-trabajo\/#respond\">No comment<\/a><\/div><\/div><\/article><article  class='post-10392 post type-post status-publish format-standard has-post-thumbnail hentry category-decoration category-interior-design tag-dreams-come-true tag-interiorism-en tag-kitchen tag-sanserif-creatius-en tag-sanserif-es-en tag-worry-free '><div class=\"q_masonry_blog_post_image\"><a itemprop=\"url\" href=\"https:\/\/www.sanserif.es\/en\/convertir-las-ideas-en-realidad\/\" target=\"_self\"><img itemprop=\"image\" src=\"https:\/\/www.sanserif.es\/wp-content\/uploads\/2023\/06\/Sanserif-Convertir-las-ideas-en-realidad-scaled.jpeg\" \/><\/a><\/div><div class=\"q_masonry_blog_post_text\"><h5 itemprop=\"name\" class=\"q_masonry_blog_title entry_title\"><a itemprop=\"url\" href=\"https:\/\/www.sanserif.es\/en\/convertir-las-ideas-en-realidad\/\">Turn ideas into reality<\/a><\/h5><p itemprop=\"description\" class=\"q_masonry_blog_excerpt\">When you see an empty space or one to be reformed, you can\u2019t help but dream of what this space could become. The lines are drawn on the paper or in your head without limits. The difficult part comes when you have to fit those......<\/p><div class=\"q_masonry_blog_post_info\"><span itemprop=\"dateCreated\" class=\"time entry_date updated\">09 June, 2023<meta itemprop=\"interactionCount\" content=\"UserComments: <?php echo get_comments_number(qode_get_page_id()); ?>\"\/><\/span> \/ <a itemprop=\"url\" class=\"post_comments\" href=\"https:\/\/www.sanserif.es\/en\/convertir-las-ideas-en-realidad\/#respond\">No comment<\/a><\/div><\/div><\/article><article  class='post-10388 post type-post status-publish format-standard has-post-thumbnail hentry category-decoration tag-mediterraneo-en tag-noches-eternas-en tag-terracita-time-en tag-terrazas-en tag-terrazas-urbanas-en tag-veladas-romanticas-en '><div class=\"q_masonry_blog_post_image\"><a itemprop=\"url\" href=\"https:\/\/www.sanserif.es\/en\/terracita-time-en-el-mediterraneo\/\" target=\"_self\"><img itemprop=\"image\" src=\"https:\/\/www.sanserif.es\/wp-content\/uploads\/2023\/06\/Sanserif-Terracita-time-scaled.jpeg\" \/><\/a><\/div><div class=\"q_masonry_blog_post_text\"><h5 itemprop=\"name\" class=\"q_masonry_blog_title entry_title\"><a itemprop=\"url\" href=\"https:\/\/www.sanserif.es\/en\/terracita-time-en-el-mediterraneo\/\">Terrace time in the Mediterranean<\/a><\/h5><p itemprop=\"description\" class=\"q_masonry_blog_excerpt\">Now that the heat is getting stronger, it starts what in Sanserif.es we have called \u201c Terrace time\u201d. If the pandemic brought something positive, it is the rediscovery of urban balconies and terraces as small oases to get rid of many walls and buildings. A......<\/p><div class=\"q_masonry_blog_post_info\"><span itemprop=\"dateCreated\" class=\"time entry_date updated\">05 June, 2023<meta itemprop=\"interactionCount\" content=\"UserComments: <?php echo get_comments_number(qode_get_page_id()); ?>\"\/><\/span> \/ <a itemprop=\"url\" class=\"post_comments\" href=\"https:\/\/www.sanserif.es\/en\/terracita-time-en-el-mediterraneo\/#respond\">No comment<\/a><\/div><\/div><\/article><article  class='post-10384 post type-post status-publish format-standard has-post-thumbnail hentry category-decoration category-interior-design tag-bachelor tag-interiorism-en tag-love tag-singles-en '><div class=\"q_masonry_blog_post_image\"><a itemprop=\"url\" href=\"https:\/\/www.sanserif.es\/en\/bachelor-flats-love-at-first-sight\/\" target=\"_self\"><img itemprop=\"image\" src=\"https:\/\/www.sanserif.es\/wp-content\/uploads\/2023\/06\/Sanserif-Piso-de-Soltero-scaled.jpeg\" \/><\/a><\/div><div class=\"q_masonry_blog_post_text\"><h5 itemprop=\"name\" class=\"q_masonry_blog_title entry_title\"><a itemprop=\"url\" href=\"https:\/\/www.sanserif.es\/en\/bachelor-flats-love-at-first-sight\/\">Bachelor flats, love at first sight<\/a><\/h5><p itemprop=\"description\" class=\"q_masonry_blog_excerpt\">House parties, plastic cups and mess are no longer the hallmarks of the apartment of a single man or a single woman. Well, parties may not go out of style, but what has changed is the image of these new temples of hedonism. Kitchens integrated......<\/p><div class=\"q_masonry_blog_post_info\"><span itemprop=\"dateCreated\" class=\"time entry_date updated\">03 June, 2023<meta itemprop=\"interactionCount\" content=\"UserComments: <?php echo get_comments_number(qode_get_page_id()); ?>\"\/><\/span> \/ <a itemprop=\"url\" class=\"post_comments\" href=\"https:\/\/www.sanserif.es\/en\/bachelor-flats-love-at-first-sight\/#respond\">No comment<\/a><\/div><\/div><\/article><article  class='post-9920 post type-post status-publish format-standard has-post-thumbnail hentry category-crafts category-graphic-design-en category-publicidad-en tag-centenario-en tag-century tag-ceramic tag-ceramica-en tag-greses-en tag-pastas-en tag-sanserif-creatius-en tag-sanserif-es-en tag-stoneware tag-vicente-diez '><div class=\"q_masonry_blog_post_image\"><a itemprop=\"url\" href=\"https:\/\/www.sanserif.es\/en\/una-empresa-centenaria-de-la-que-nacen-obras-de-arte\/\" target=\"_self\"><img itemprop=\"image\" src=\"https:\/\/www.sanserif.es\/wp-content\/uploads\/2022\/05\/Sanserif-Imagen-de-Vicente-Diez-en-Ferias-marzo22.jpg\" \/><\/a><\/div><div class=\"q_masonry_blog_post_text\"><h5 itemprop=\"name\" class=\"q_masonry_blog_title entry_title\"><a itemprop=\"url\" href=\"https:\/\/www.sanserif.es\/en\/una-empresa-centenaria-de-la-que-nacen-obras-de-arte\/\">A centenary business produces works of art<\/a><\/h5><p itemprop=\"description\" class=\"q_masonry_blog_excerpt\">In 100 years, there is plenty of time to turn a company\u2019s product into a masterpiece. Vicente Diez not only offers a high-quality product, but also has thousands of master craftsmen\u2019s hand to turn its pastes into authentic works of art. At \ud83d\udcf2 www.sanserif.es we......<\/p><div class=\"q_masonry_blog_post_info\"><span itemprop=\"dateCreated\" class=\"time entry_date updated\">25 May, 2023<meta itemprop=\"interactionCount\" content=\"UserComments: <?php echo get_comments_number(qode_get_page_id()); ?>\"\/><\/span> \/ <a itemprop=\"url\" class=\"post_comments\" href=\"https:\/\/www.sanserif.es\/en\/una-empresa-centenaria-de-la-que-nacen-obras-de-arte\/#respond\">No comment<\/a><\/div><\/div><\/article><article  class='post-9481 post type-post status-publish format-standard has-post-thumbnail hentry category-crafts category-graphic-design-en category-trademark tag-ana-yago-en tag-artisan tag-comunidad-valenciana tag-craftmanship tag-design-en tag-sanserif-creatius-en tag-sanserif-es-en tag-trademark '><div class=\"q_masonry_blog_post_image\"><a itemprop=\"url\" href=\"https:\/\/www.sanserif.es\/en\/marca-para-la-artesania-de-la-cv\/\" target=\"_self\"><img itemprop=\"image\" src=\"https:\/\/www.sanserif.es\/wp-content\/uploads\/2021\/07\/Sanserif-CACV-Marca-artesan\u00eda1.jpg\" \/><\/a><\/div><div class=\"q_masonry_blog_post_text\"><h5 itemprop=\"name\" class=\"q_masonry_blog_title entry_title\"><a itemprop=\"url\" href=\"https:\/\/www.sanserif.es\/en\/marca-para-la-artesania-de-la-cv\/\">Trademark design for craftmanship in Comunitat Valenciana<\/a><\/h5><p itemprop=\"description\" class=\"q_masonry_blog_excerpt\">Trademark design for craftmanship in Comunitat Valenciana Traditional commercial market is in an intensive care unit due to the pandemic, and for this reason handicraft needs to be approached in a new way, countering industrialisation and highlighting values like sustainability, local know-how, cosiness and handwork,......<\/p><div class=\"q_masonry_blog_post_info\"><span itemprop=\"dateCreated\" class=\"time entry_date updated\">24 May, 2023<meta itemprop=\"interactionCount\" content=\"UserComments: <?php echo get_comments_number(qode_get_page_id()); ?>\"\/><\/span> \/ <a itemprop=\"url\" class=\"post_comments\" href=\"https:\/\/www.sanserif.es\/en\/marca-para-la-artesania-de-la-cv\/#respond\">No comment<\/a><\/div><\/div><\/article><article  class='post-10400 post type-post status-publish format-standard has-post-thumbnail hentry category-decoration category-interior-design tag-american-kitchen tag-glass-enclosure tag-kitchen tag-open-concept tag-sanserif-creatius-en tag-sanserif-es-en tag-smoke-extractor '><div class=\"q_masonry_blog_post_image\"><a itemprop=\"url\" href=\"https:\/\/www.sanserif.es\/en\/espacios-abiertos-o-cocinas-americanas-en-espana\/\" target=\"_self\"><img itemprop=\"image\" src=\"https:\/\/www.sanserif.es\/wp-content\/uploads\/2023\/05\/Sanserif-cocina-abierta.webp\" \/><\/a><\/div><div class=\"q_masonry_blog_post_text\"><h5 itemprop=\"name\" class=\"q_masonry_blog_title entry_title\"><a itemprop=\"url\" href=\"https:\/\/www.sanserif.es\/en\/espacios-abiertos-o-cocinas-americanas-en-espana\/\">Open spaces or American kitchens in Spain<\/a><\/h5><p itemprop=\"description\" class=\"q_masonry_blog_excerpt\">The typical American kitchen is the one that opens to the dining room or living room without obstruction that blocks visibility or mobility. It\u2019s a matter of space. Ideal both for small houses and for those that want large continuous volumes. If you add a......<\/p><div class=\"q_masonry_blog_post_info\"><span itemprop=\"dateCreated\" class=\"time entry_date updated\">21 May, 2023<meta itemprop=\"interactionCount\" content=\"UserComments: <?php echo get_comments_number(qode_get_page_id()); ?>\"\/><\/span> \/ <a itemprop=\"url\" class=\"post_comments\" href=\"https:\/\/www.sanserif.es\/en\/espacios-abiertos-o-cocinas-americanas-en-espana\/#respond\">No comment<\/a><\/div><\/div><\/article><article  class='post-10301 post type-post status-publish format-standard has-post-thumbnail hentry category-architecture category-decoration category-interior-design tag-interiores-minimalistas-en tag-minimalism tag-photo-shoot tag-sanserif-creatius-en tag-sanserif-es-en tag-soft-tones '><div class=\"q_masonry_blog_post_image\"><a itemprop=\"url\" href=\"https:\/\/www.sanserif.es\/en\/instante-minimalista\/\" target=\"_self\"><img itemprop=\"image\" src=\"https:\/\/www.sanserif.es\/wp-content\/uploads\/2023\/05\/Sanserif-tonos-suaves-y-minimal-sesion-fotos.jpg\" \/><\/a><\/div><div class=\"q_masonry_blog_post_text\"><h5 itemprop=\"name\" class=\"q_masonry_blog_title entry_title\"><a itemprop=\"url\" href=\"https:\/\/www.sanserif.es\/en\/instante-minimalista\/\">Minimalist instant<\/a><\/h5><p itemprop=\"description\" class=\"q_masonry_blog_excerpt\">There is nothing more minimalist than a furniture photoshoot, when what you want is to highlight the centerpiece. Actually, if we were able to incorporate that simplicity to our lives \u2014and living spaces\u2014 everything would be easier. Combined with a selection of soft tones, a......<\/p><div class=\"q_masonry_blog_post_info\"><span itemprop=\"dateCreated\" class=\"time entry_date updated\">05 May, 2023<meta itemprop=\"interactionCount\" content=\"UserComments: <?php echo get_comments_number(qode_get_page_id()); ?>\"\/><\/span> \/ <a itemprop=\"url\" class=\"post_comments\" href=\"https:\/\/www.sanserif.es\/en\/instante-minimalista\/#respond\">No comment<\/a><\/div><\/div><\/article><article  class='post-10302 post type-post status-publish format-standard has-post-thumbnail hentry category-architecture category-decoration category-interior-design category-photography-en tag-biophilia-en tag-imperfection tag-sanserif-creatius-en tag-sanserif-es-en tag-sesion-de-fotografias-en tag-wabi-sabi-en '><div class=\"q_masonry_blog_post_image\"><a itemprop=\"url\" href=\"https:\/\/www.sanserif.es\/en\/la-imperfeccion-del-momento-perfecto\/\" target=\"_self\"><img itemprop=\"image\" src=\"https:\/\/www.sanserif.es\/wp-content\/uploads\/2023\/05\/Sanserif-La-imperfeccion-del-momento-perfecto-scaled.jpg\" \/><\/a><\/div><div class=\"q_masonry_blog_post_text\"><h5 itemprop=\"name\" class=\"q_masonry_blog_title entry_title\"><a itemprop=\"url\" href=\"https:\/\/www.sanserif.es\/en\/la-imperfeccion-del-momento-perfecto\/\">The imperfection of the perfect moment<\/a><\/h5><p itemprop=\"description\" class=\"q_masonry_blog_excerpt\">Today, we\u2019re getting trascendental, reclaiming the Wabi Sabi aesthetic for this picture. There are perfect moments that are the result of imperfection. And the key is not to exaggerate and let things fall into place, learning to embrace stains, rust, frayed edges and the passage......<\/p><div class=\"q_masonry_blog_post_info\"><span itemprop=\"dateCreated\" class=\"time entry_date updated\">01 May, 2023<meta itemprop=\"interactionCount\" content=\"UserComments: <?php echo get_comments_number(qode_get_page_id()); ?>\"\/><\/span> \/ <a itemprop=\"url\" class=\"post_comments\" href=\"https:\/\/www.sanserif.es\/en\/la-imperfeccion-del-momento-perfecto\/#respond\">No comment<\/a><\/div><\/div><\/article><article  class='post-10290 post type-post status-publish format-standard has-post-thumbnail hentry category-decoration category-interior-design tag-frames tag-handles tag-kitchen tag-sanserif-creatius-en tag-sanserif-es-en tag-shaker-style '><div class=\"q_masonry_blog_post_image\"><a itemprop=\"url\" href=\"https:\/\/www.sanserif.es\/en\/cuidado-con-las-molduras\/\" target=\"_self\"><img itemprop=\"image\" src=\"https:\/\/www.sanserif.es\/wp-content\/uploads\/2023\/04\/Sanserif-cuidado-con-las-molduras.webp\" \/><\/a><\/div><div class=\"q_masonry_blog_post_text\"><h5 itemprop=\"name\" class=\"q_masonry_blog_title entry_title\"><a itemprop=\"url\" href=\"https:\/\/www.sanserif.es\/en\/cuidado-con-las-molduras\/\">Be careful with frames<\/a><\/h5><p itemprop=\"description\" class=\"q_masonry_blog_excerpt\">We love frames \u2014or panels\u2014 on the kitchen fronts, as long as they\u2019re relaxed and combined with soft tones. Much better if they don\u2019t have handles, unless you\u2019re looking for a classic or retro style. It\u2019s the so-called \u2018shaker style\u2019 \u2014a utopian sect that emigrated......<\/p><div class=\"q_masonry_blog_post_info\"><span itemprop=\"dateCreated\" class=\"time entry_date updated\">29 April, 2023<meta itemprop=\"interactionCount\" content=\"UserComments: <?php echo get_comments_number(qode_get_page_id()); ?>\"\/><\/span> \/ <a itemprop=\"url\" class=\"post_comments\" href=\"https:\/\/www.sanserif.es\/en\/cuidado-con-las-molduras\/#respond\">No comment<\/a><\/div><\/div><\/article><article  class='post-10286 post type-post status-publish format-standard has-post-thumbnail hentry category-decoration category-ecodesign-en category-interior-design tag-biophilia-en tag-cold-tones tag-green tag-sanserif-creatius-en tag-sanserif-es-en tag-warm-tones tag-wood '><div class=\"q_masonry_blog_post_image\"><a itemprop=\"url\" href=\"https:\/\/www.sanserif.es\/en\/sera-porque-nos-recuerda-a-la-naturaleza\/\" target=\"_self\"><img itemprop=\"image\" src=\"https:\/\/www.sanserif.es\/wp-content\/uploads\/2023\/04\/Sanserif-la-madera-ama-el-verde.webp\" \/><\/a><\/div><div class=\"q_masonry_blog_post_text\"><h5 itemprop=\"name\" class=\"q_masonry_blog_title entry_title\"><a itemprop=\"url\" href=\"https:\/\/www.sanserif.es\/en\/sera-porque-nos-recuerda-a-la-naturaleza\/\">Maybe it\u2019s because it reminds us of nature<\/a><\/h5><p itemprop=\"description\" class=\"q_masonry_blog_excerpt\">Maybe it\u2019s because it reminds us of nature. Maybe it\u2019s because there\u2019s an implicit balance between two complementary tones: one is cold and the other is warm. Or maybe it\u2019s because green \u2014that evocative tone of freshness and calmness\u2014 begs us to be combined with......<\/p><div class=\"q_masonry_blog_post_info\"><span itemprop=\"dateCreated\" class=\"time entry_date updated\">26 April, 2023<meta itemprop=\"interactionCount\" content=\"UserComments: <?php echo get_comments_number(qode_get_page_id()); ?>\"\/><\/span> \/ <a itemprop=\"url\" class=\"post_comments\" href=\"https:\/\/www.sanserif.es\/en\/sera-porque-nos-recuerda-a-la-naturaleza\/#respond\">No comment<\/a><\/div><\/div><\/article><article  class='post-10265 post type-post status-publish format-standard has-post-thumbnail hentry category-editorial-en category-graphic-design-en tag-auguste-dupin-en tag-crowdfunding-en tag-genero-negro-en tag-hercules-poirot-en tag-javier-gallardo-en tag-kurt-wallander-en tag-miss-marple-en tag-novela-negra-en tag-pepe-carvalho-en tag-philip-marlowe-en tag-ruben-bevilacqua-en tag-sherlock-holmes-en tag-verkami-com-en tag-virginia-chamorro-en tag-you-write '><div class=\"q_masonry_blog_post_image\"><a itemprop=\"url\" href=\"https:\/\/www.sanserif.es\/en\/detectives-con-o-sin-sombrero\/\" target=\"_self\"><img itemprop=\"image\" src=\"https:\/\/www.sanserif.es\/wp-content\/uploads\/2023\/03\/Sanserif-TUESCRIBES-YOPUBLICO-Detective.webp\" \/><\/a><\/div><div class=\"q_masonry_blog_post_text\"><h5 itemprop=\"name\" class=\"q_masonry_blog_title entry_title\"><a itemprop=\"url\" href=\"https:\/\/www.sanserif.es\/en\/detectives-con-o-sin-sombrero\/\">Detectives with or without a hat<\/a><\/h5><p itemprop=\"description\" class=\"q_masonry_blog_excerpt\">You may not smoke, or wear a trench coat, but you can\u2019t say you have never imagined yourself as a detective\u2026 or as the criminal he\u2019s chasing. You may not feel like Hercules Poirot, Auguste Dupin, Sherlock Homes Miss Marple o Philip Marlowe, but maybe......<\/p><div class=\"q_masonry_blog_post_info\"><span itemprop=\"dateCreated\" class=\"time entry_date updated\">10 March, 2023<meta itemprop=\"interactionCount\" content=\"UserComments: <?php echo get_comments_number(qode_get_page_id()); ?>\"\/><\/span> \/ <a itemprop=\"url\" class=\"post_comments\" href=\"https:\/\/www.sanserif.es\/en\/detectives-con-o-sin-sombrero\/#respond\">No comment<\/a><\/div><\/div><\/article><article  class='post-10436 post type-post status-publish format-standard has-post-thumbnail hentry category-editorial-en category-graphic-design-en tag-crowdfunding-en tag-escribir-en tag-genero-negro-en tag-micro-mecenazgo-en tag-novela-negra-en tag-relatos-en tag-sanserif-creatius-en tag-verkami-com-en '><div class=\"q_masonry_blog_post_image\"><a itemprop=\"url\" href=\"https:\/\/www.sanserif.es\/en\/relatos-que-merecen-ser-leidos\/\" target=\"_self\"><img itemprop=\"image\" src=\"https:\/\/www.sanserif.es\/wp-content\/uploads\/2023\/03\/portada-GeNegro-940x530p-VKM.jpg\" \/><\/a><\/div><div class=\"q_masonry_blog_post_text\"><h5 itemprop=\"name\" class=\"q_masonry_blog_title entry_title\"><a itemprop=\"url\" href=\"https:\/\/www.sanserif.es\/en\/relatos-que-merecen-ser-leidos\/\">Stories that are worth reading<\/a><\/h5><p itemprop=\"description\" class=\"q_masonry_blog_excerpt\">Do you want to show the world those stories that have been kept in a drawer and deserve to be read? Well\u2026 be sure to visit the micro-patronage project YOU WRITE | I PUBLISH and you will have the answer you are looking for. We......<\/p><div class=\"q_masonry_blog_post_info\"><span itemprop=\"dateCreated\" class=\"time entry_date updated\">03 March, 2023<meta itemprop=\"interactionCount\" content=\"UserComments: <?php echo get_comments_number(qode_get_page_id()); ?>\"\/><\/span> \/ <a itemprop=\"url\" class=\"post_comments\" href=\"https:\/\/www.sanserif.es\/en\/relatos-que-merecen-ser-leidos\/#respond\">No comment<\/a><\/div><\/div><\/article><article  class='post-10440 post type-post status-publish format-standard has-post-thumbnail hentry category-decoration category-ecodesign-en category-interior-design tag-ana-yago-en tag-bohemio-en tag-boho-chic-en tag-espacios-para-ser-vividos-en tag-minimalismo-en tag-sanserif-creatius-en tag-sanserif-es-en '><div class=\"q_masonry_blog_post_image\"><a itemprop=\"url\" href=\"https:\/\/www.sanserif.es\/en\/no-todos-los-espacios-de-trabajo-son-iguales\/\" target=\"_self\"><img itemprop=\"image\" src=\"https:\/\/www.sanserif.es\/wp-content\/uploads\/2023\/02\/Sanserif-EspaciosdeTrabajo.jpg\" \/><\/a><\/div><div class=\"q_masonry_blog_post_text\"><h5 itemprop=\"name\" class=\"q_masonry_blog_title entry_title\"><a itemprop=\"url\" href=\"https:\/\/www.sanserif.es\/en\/no-todos-los-espacios-de-trabajo-son-iguales\/\">Not all workplaces are the same<\/a><\/h5><p itemprop=\"description\" class=\"q_masonry_blog_excerpt\">There are spaces that seek peace and order, where minimalism and straight lines tend to dominate, but there are also spaces that are an ordered chaos, in which the eclectic and the freedom are a necessity. Today, we present to you one of those spaces......<\/p><div class=\"q_masonry_blog_post_info\"><span itemprop=\"dateCreated\" class=\"time entry_date updated\">17 February, 2023<meta itemprop=\"interactionCount\" content=\"UserComments: <?php echo get_comments_number(qode_get_page_id()); ?>\"\/><\/span> \/ <a itemprop=\"url\" class=\"post_comments\" href=\"https:\/\/www.sanserif.es\/en\/no-todos-los-espacios-de-trabajo-son-iguales\/#respond\">No comment<\/a><\/div><\/div><\/article><article  class='post-10270 post type-post status-publish format-standard has-post-thumbnail hentry category-ecodesign-en category-editorial-en category-environment-en category-fashion-en category-graphic-design-en tag-ana-yago-en tag-black-on-white-book-en tag-francis-montesinos-en tag-hana-havelkova-en tag-hiatus-iii-en tag-john-patrick-en tag-jum-nakao-en tag-lie-sang-bong-en tag-marci-zaroff-en tag-marion-hume-en tag-roberto-verino-en tag-sanserif-creatius-en tag-sanserif-es-en '><div class=\"q_masonry_blog_post_image\"><a itemprop=\"url\" href=\"https:\/\/www.sanserif.es\/en\/si-te-gusta-la-moda-no-te-puedes-perder-este-libro\/\" target=\"_self\"><img itemprop=\"image\" src=\"https:\/\/www.sanserif.es\/wp-content\/uploads\/2023\/02\/1400x700p_0002_hiatus2.jpg\" \/><\/a><\/div><div class=\"q_masonry_blog_post_text\"><h5 itemprop=\"name\" class=\"q_masonry_blog_title entry_title\"><a itemprop=\"url\" href=\"https:\/\/www.sanserif.es\/en\/si-te-gusta-la-moda-no-te-puedes-perder-este-libro\/\">If you love fashion, you can\u2019t miss this book<\/a><\/h5><p itemprop=\"description\" class=\"q_masonry_blog_excerpt\">The world\u2019s leading sustainable fashion designers share their work philosophy, their most personal projects and what it means to design for the 21st century. In this volume you will find texts written by designers such as Lie Sang Bong, Roberto Verino, Francis Montesinos, Jum Nakao,......<\/p><div class=\"q_masonry_blog_post_info\"><span itemprop=\"dateCreated\" class=\"time entry_date updated\">15 February, 2023<meta itemprop=\"interactionCount\" content=\"UserComments: <?php echo get_comments_number(qode_get_page_id()); ?>\"\/><\/span> \/ <a itemprop=\"url\" class=\"post_comments\" href=\"https:\/\/www.sanserif.es\/en\/si-te-gusta-la-moda-no-te-puedes-perder-este-libro\/#respond\">No comment<\/a><\/div><\/div><\/article><article  class='post-10274 post type-post status-publish format-standard has-post-thumbnail hentry category-decoration category-fashion-en category-interior-design tag-linoleos-en tag-losetas-en tag-outfit-of-the-day-en tag-suelos-en tag-suelos-de-baldosa-en tag-suelos-de-cemento-pulido-en tag-suelos-de-corcho-en tag-suelos-de-madera-en tag-suelos-laminados-en tag-suelos-porcelanicos-en '><div class=\"q_masonry_blog_post_image\"><a itemprop=\"url\" href=\"https:\/\/www.sanserif.es\/en\/elegir-el-suelo-de-un-espacio-es-como-elegir-el-calzado-para-tu-outfit\/\" target=\"_self\"><img itemprop=\"image\" src=\"https:\/\/www.sanserif.es\/wp-content\/uploads\/2023\/02\/Sanserif-SuelosAcordeUso.jpg\" \/><\/a><\/div><div class=\"q_masonry_blog_post_text\"><h5 itemprop=\"name\" class=\"q_masonry_blog_title entry_title\"><a itemprop=\"url\" href=\"https:\/\/www.sanserif.es\/en\/elegir-el-suelo-de-un-espacio-es-como-elegir-el-calzado-para-tu-outfit\/\">Choosing the floor for a space is like choosing the shoes for your outfit<\/a><\/h5><p itemprop=\"description\" class=\"q_masonry_blog_excerpt\">Not all floors work for the same purpose, nor do they offer you the same benefits. There are floors for dancing, working, illuminating or giving warmth. Or, also, there are some for resistance against a \u2018small terrorist\u2019 with crayons in their hands\u2026 Criteria such as......<\/p><div class=\"q_masonry_blog_post_info\"><span itemprop=\"dateCreated\" class=\"time entry_date updated\">13 February, 2023<meta itemprop=\"interactionCount\" content=\"UserComments: <?php echo get_comments_number(qode_get_page_id()); ?>\"\/><\/span> \/ <a itemprop=\"url\" class=\"post_comments\" href=\"https:\/\/www.sanserif.es\/en\/elegir-el-suelo-de-un-espacio-es-como-elegir-el-calzado-para-tu-outfit\/#respond\">No comment<\/a><\/div><\/div><\/article><article  class='post-10229 post type-post status-publish format-standard has-post-thumbnail hentry category-decoration category-interior-design tag-gloom tag-man tag-masculine-gender tag-masculine-interiors tag-masculine-spaces tag-penumbra-en tag-sanserif-creatius-en tag-sanserif-es-en '><div class=\"q_masonry_blog_post_image\"><a itemprop=\"url\" href=\"https:\/\/www.sanserif.es\/en\/interiores-masculinos\/\" target=\"_self\"><img itemprop=\"image\" src=\"https:\/\/www.sanserif.es\/wp-content\/uploads\/2023\/02\/Sanserif-InterioresMasculinos.jpg\" \/><\/a><\/div><div class=\"q_masonry_blog_post_text\"><h5 itemprop=\"name\" class=\"q_masonry_blog_title entry_title\"><a itemprop=\"url\" href=\"https:\/\/www.sanserif.es\/en\/interiores-masculinos\/\">Masculine interiors<\/a><\/h5><p itemprop=\"description\" class=\"q_masonry_blog_excerpt\">Your house is your reflection. And, whatever they say, the truth is that interiors also have a gender. Evidently, there are masculine spaces that are visually feminine and vice versa; houses for women that could be identified as a space for single men. But there......<\/p><div class=\"q_masonry_blog_post_info\"><span itemprop=\"dateCreated\" class=\"time entry_date updated\">02 February, 2023<meta itemprop=\"interactionCount\" content=\"UserComments: <?php echo get_comments_number(qode_get_page_id()); ?>\"\/><\/span> \/ <a itemprop=\"url\" class=\"post_comments\" href=\"https:\/\/www.sanserif.es\/en\/interiores-masculinos\/#respond\">No comment<\/a><\/div><\/div><\/article><article  class='post-10225 post type-post status-publish format-standard has-post-thumbnail hentry category-decoration category-interior-design tag-bathroom tag-bathroom-sink tag-faucets tag-minimalism tag-sanserif-creatius-en tag-sanserif-es-en tag-wellbeing '><div class=\"q_masonry_blog_post_image\"><a itemprop=\"url\" href=\"https:\/\/www.sanserif.es\/en\/el-minimalismo-en-el-bano-implica-reformar\/\" target=\"_self\"><img itemprop=\"image\" src=\"https:\/\/www.sanserif.es\/wp-content\/uploads\/2023\/02\/Sanserif-GrifosEmpotrados.jpg\" \/><\/a><\/div><div class=\"q_masonry_blog_post_text\"><h5 itemprop=\"name\" class=\"q_masonry_blog_title entry_title\"><a itemprop=\"url\" href=\"https:\/\/www.sanserif.es\/en\/el-minimalismo-en-el-bano-implica-reformar\/\">Minimalism in the bathroom involves reforming<\/a><\/h5><p itemprop=\"description\" class=\"q_masonry_blog_excerpt\">It\u2019s not the same thing to change a faucet over a bathroom cabinet, than to place a built-in one on the wall. The first option will always be cheaper, but it\u2019s not the most aesthetically pleasing. A built-in faucet eliminates visible pipes, gives a clean......<\/p><div class=\"q_masonry_blog_post_info\"><span itemprop=\"dateCreated\" class=\"time entry_date updated\">30 January, 2023<meta itemprop=\"interactionCount\" content=\"UserComments: <?php echo get_comments_number(qode_get_page_id()); ?>\"\/><\/span> \/ <a itemprop=\"url\" class=\"post_comments\" href=\"https:\/\/www.sanserif.es\/en\/el-minimalismo-en-el-bano-implica-reformar\/#respond\">No comment<\/a><\/div><\/div><\/article><article  class='post-10221 post type-post status-publish format-standard has-post-thumbnail hentry category-decoration category-interior-design tag-blanket tag-sanserif-creatius-en tag-sanserif-es-en tag-sofa-en tag-win-win-en '><div class=\"q_masonry_blog_post_image\"><a itemprop=\"url\" href=\"https:\/\/www.sanserif.es\/en\/disfruta-de-las-vistas-desde-el-sofa\/\" target=\"_self\"><img itemprop=\"image\" src=\"https:\/\/www.sanserif.es\/wp-content\/uploads\/2023\/02\/Sanserif-Frio-Sofa.jpg\" \/><\/a><\/div><div class=\"q_masonry_blog_post_text\"><h5 itemprop=\"name\" class=\"q_masonry_blog_title entry_title\"><a itemprop=\"url\" href=\"https:\/\/www.sanserif.es\/en\/disfruta-de-las-vistas-desde-el-sofa\/\">Enjoy the views from the couch<\/a><\/h5><p itemprop=\"description\" class=\"q_masonry_blog_excerpt\">Now that it\u2019s cold outside, there is nothing better than enjoying the views from the couch, with a blanket nearby to get that unique moment\u2026 If you have a good couch, of course. How can we help you?\u00a0 \ud83d\udcf2 www.sanserif.es #animageisworthathousandwords #inspireideas #sanserifcreatius #design #madeinspain......<\/p><div class=\"q_masonry_blog_post_info\"><span itemprop=\"dateCreated\" class=\"time entry_date updated\">26 January, 2023<meta itemprop=\"interactionCount\" content=\"UserComments: <?php echo get_comments_number(qode_get_page_id()); ?>\"\/><\/span> \/ <a itemprop=\"url\" class=\"post_comments\" href=\"https:\/\/www.sanserif.es\/en\/disfruta-de-las-vistas-desde-el-sofa\/#respond\">No comment<\/a><\/div><\/div><\/article><article  class='post-10217 post type-post status-publish format-standard has-post-thumbnail hentry category-decoration category-ecodesign-en category-environment-en category-gastronomy-2-en category-interior-design tag-biophilia-en tag-decoration-en tag-event tag-interior-design tag-interiorism-en tag-km0 tag-proximity-product tag-sanserif-creatius-en tag-sanserif-es-en tag-win-win-en '><div class=\"q_masonry_blog_post_image\"><a itemprop=\"url\" href=\"https:\/\/www.sanserif.es\/en\/eventos-mediterraneos-en-pleno-invierno\/\" target=\"_self\"><img itemprop=\"image\" src=\"https:\/\/www.sanserif.es\/wp-content\/uploads\/2023\/01\/Sanserif-InterioresNaturales-EventosMediterraneos.jpg\" \/><\/a><\/div><div class=\"q_masonry_blog_post_text\"><h5 itemprop=\"name\" class=\"q_masonry_blog_title entry_title\"><a itemprop=\"url\" href=\"https:\/\/www.sanserif.es\/en\/eventos-mediterraneos-en-pleno-invierno\/\">Mediterranean events in midwinter<\/a><\/h5><p itemprop=\"description\" class=\"q_masonry_blog_excerpt\">Maybe it\u2019s because we\u2019re Mediterranean, but now that the cold is approaching, we love to introduce elements that imitate or attempt to recreate a natural outdoor space into indoor events. And, while we\u2019re at it, it\u2019s even better if they are proximity or \u2018zero kilometer\u2019......<\/p><div class=\"q_masonry_blog_post_info\"><span itemprop=\"dateCreated\" class=\"time entry_date updated\">23 January, 2023<meta itemprop=\"interactionCount\" content=\"UserComments: <?php echo get_comments_number(qode_get_page_id()); ?>\"\/><\/span> \/ <a itemprop=\"url\" class=\"post_comments\" href=\"https:\/\/www.sanserif.es\/en\/eventos-mediterraneos-en-pleno-invierno\/#respond\">No comment<\/a><\/div><\/div><\/article><article  class='post-10161 post type-post status-publish format-standard has-post-thumbnail hentry category-communication category-corporate-en category-evento-en category-uncategorized tag-cerviglas-en tag-flatglass tag-sustainability '><div class=\"q_masonry_blog_post_image\"><a itemprop=\"url\" href=\"https:\/\/www.sanserif.es\/en\/cerviglas-una-familia-de-mas-de-500-miembros\/\" target=\"_self\"><img itemprop=\"image\" src=\"https:\/\/www.sanserif.es\/wp-content\/uploads\/2022\/11\/Sanserif-Cerviglas-Visita-40a.jpg\" \/><\/a><\/div><div class=\"q_masonry_blog_post_text\"><h5 itemprop=\"name\" class=\"q_masonry_blog_title entry_title\"><a itemprop=\"url\" href=\"https:\/\/www.sanserif.es\/en\/cerviglas-una-familia-de-mas-de-500-miembros\/\">Cerviglas, a family of more than 500 members<\/a><\/h5><p itemprop=\"description\" class=\"q_masonry_blog_excerpt\">It is said that celebrations with family and friends are the best ones. When a company celebrates 40 years in the front line, it is the right time to celebrate it. But it is even better if that anniversary is surrounded by friends, as was......<\/p><div class=\"q_masonry_blog_post_info\"><span itemprop=\"dateCreated\" class=\"time entry_date updated\">15 November, 2022<meta itemprop=\"interactionCount\" content=\"UserComments: <?php echo get_comments_number(qode_get_page_id()); ?>\"\/><\/span> \/ <a itemprop=\"url\" class=\"post_comments\" href=\"https:\/\/www.sanserif.es\/en\/cerviglas-una-familia-de-mas-de-500-miembros\/#respond\">No comment<\/a><\/div><\/div><\/article><article  class='post-10157 post type-post status-publish format-standard has-post-thumbnail hentry category-ceramic category-crafts category-evento-en tag-ceramica-en tag-ceramica-oberta tag-manises-en tag-sanserif-creatius-en tag-sanserif-es-en '><div class=\"q_masonry_blog_post_image\"><a itemprop=\"url\" href=\"https:\/\/www.sanserif.es\/en\/lo-que-te-perdiste-de-ceramica-oberta\/\" target=\"_self\"><img itemprop=\"image\" src=\"https:\/\/www.sanserif.es\/wp-content\/uploads\/2022\/11\/221026-Sanserif-IMGVideo-CO22y2.jpg\" \/><\/a><\/div><div class=\"q_masonry_blog_post_text\"><h5 itemprop=\"name\" class=\"q_masonry_blog_title entry_title\"><a itemprop=\"url\" href=\"https:\/\/www.sanserif.es\/en\/lo-que-te-perdiste-de-ceramica-oberta\/\">What you missed at Cer\u00e0mica Oberta<\/a><\/h5><p itemprop=\"description\" class=\"q_masonry_blog_excerpt\">If you didn&#8217;t come to Cer\u00e0mica Oberta, in Manises (Valencia), you missed a unique day in which master craftsmen opened their doors of workshops to show how magic happens inside of them. Not only that, but they also organised a multitude of workshops, demonstrations and......<\/p><div class=\"q_masonry_blog_post_info\"><span itemprop=\"dateCreated\" class=\"time entry_date updated\">11 November, 2022<meta itemprop=\"interactionCount\" content=\"UserComments: <?php echo get_comments_number(qode_get_page_id()); ?>\"\/><\/span> \/ <a itemprop=\"url\" class=\"post_comments\" href=\"https:\/\/www.sanserif.es\/en\/lo-que-te-perdiste-de-ceramica-oberta\/#respond\">No comment<\/a><\/div><\/div><\/article><article  class='post-10153 post type-post status-publish format-standard has-post-thumbnail hentry category-communication category-disability category-graphic-design-en tag-cermi-en tag-disability tag-generalitat-valenciana tag-public-policies tag-sanserif-creatius-en tag-sanserif-es-en '><div class=\"q_masonry_blog_post_image\"><a itemprop=\"url\" href=\"https:\/\/www.sanserif.es\/en\/imagen-del-congreso-nacional-de-politicas-publicas-del-cermi\/\" target=\"_self\"><img itemprop=\"image\" src=\"https:\/\/www.sanserif.es\/wp-content\/uploads\/2022\/11\/Sanserif-Cermi-CongresoNacionaldePoliticasPublicas-1.jpg\" \/><\/a><\/div><div class=\"q_masonry_blog_post_text\"><h5 itemprop=\"name\" class=\"q_masonry_blog_title entry_title\"><a itemprop=\"url\" href=\"https:\/\/www.sanserif.es\/en\/imagen-del-congreso-nacional-de-politicas-publicas-del-cermi\/\">Image from CERMI&#8217;s National Congress on Public Policy<\/a><\/h5><p itemprop=\"description\" class=\"q_masonry_blog_excerpt\">Seeing beyond something obvious is what we like to promote at Sanserif.es, but it is also what is needed for the development of public policies that seek the maximum excellence. It is for this reason, that we adore the image we developed for the 1st......<\/p><div class=\"q_masonry_blog_post_info\"><span itemprop=\"dateCreated\" class=\"time entry_date updated\">07 November, 2022<meta itemprop=\"interactionCount\" content=\"UserComments: <?php echo get_comments_number(qode_get_page_id()); ?>\"\/><\/span> \/ <a itemprop=\"url\" class=\"post_comments\" href=\"https:\/\/www.sanserif.es\/en\/imagen-del-congreso-nacional-de-politicas-publicas-del-cermi\/#respond\">No comment<\/a><\/div><\/div><\/article><article  class='post-10091 post type-post status-publish format-standard has-post-thumbnail hentry category-ceramic category-communication category-crafts category-graphic-design-en tag-ciudadanos tag-compromis-en tag-cs tag-election-campaigns tag-manises-en tag-podem tag-politica-en tag-politics tag-pp tag-psoe-en tag-pspv '><div class=\"q_masonry_blog_post_image\"><a itemprop=\"url\" href=\"https:\/\/www.sanserif.es\/en\/the-fan-phenomenon-reaches-politics\/\" target=\"_self\"><img itemprop=\"image\" src=\"https:\/\/www.sanserif.es\/wp-content\/uploads\/2022\/10\/Sanserif-PlatosCeramicos-Politicos-WEB.jpg\" \/><\/a><\/div><div class=\"q_masonry_blog_post_text\"><h5 itemprop=\"name\" class=\"q_masonry_blog_title entry_title\"><a itemprop=\"url\" href=\"https:\/\/www.sanserif.es\/en\/the-fan-phenomenon-reaches-politics\/\">The Fan Phenomenon reaches politics<\/a><\/h5><p itemprop=\"description\" class=\"q_masonry_blog_excerpt\">The election campaigns have left the streets to fight over victory on social media, but the politicians image is still a relevant element. Inspired by this image while thinking about a promotion of craftwork and the historical value of a commemorative object, this series of......<\/p><div class=\"q_masonry_blog_post_info\"><span itemprop=\"dateCreated\" class=\"time entry_date updated\">02 November, 2022<meta itemprop=\"interactionCount\" content=\"UserComments: <?php echo get_comments_number(qode_get_page_id()); ?>\"\/><\/span> \/ <a itemprop=\"url\" class=\"post_comments\" href=\"https:\/\/www.sanserif.es\/en\/the-fan-phenomenon-reaches-politics\/#respond\">No comment<\/a><\/div><\/div><\/article><article  class='post-10072 post type-post status-publish format-standard has-post-thumbnail hentry category-ceramic category-communication category-crafts category-evento-en category-exhibition category-fair tag-ceramica-en tag-ceramica-oberta tag-manises-en tag-sanserif-creatius-en tag-sanserif-es-en '><div class=\"q_masonry_blog_post_image\"><a itemprop=\"url\" href=\"https:\/\/www.sanserif.es\/en\/los-artesanos-de-co22-toman-la-palabra\/\" target=\"_self\"><img itemprop=\"image\" src=\"https:\/\/www.sanserif.es\/wp-content\/uploads\/2022\/10\/221026-Sanserif-IMGVideo-CO22.jpg\" \/><\/a><\/div><div class=\"q_masonry_blog_post_text\"><h5 itemprop=\"name\" class=\"q_masonry_blog_title entry_title\"><a itemprop=\"url\" href=\"https:\/\/www.sanserif.es\/en\/los-artesanos-de-co22-toman-la-palabra\/\">The craftsmen of CO22 take the floor<\/a><\/h5><p itemprop=\"description\" class=\"q_masonry_blog_excerpt\">Cer\u00e0mica Oberta is an initiative of the craftsmen from Manises (Valencia) where they open the doors of their workshops to let everyone know how their workspaces are, the techniques they use and the innovations they have made. A movement born spontaneously and, thanks to the......<\/p><div class=\"q_masonry_blog_post_info\"><span itemprop=\"dateCreated\" class=\"time entry_date updated\">26 October, 2022<meta itemprop=\"interactionCount\" content=\"UserComments: <?php echo get_comments_number(qode_get_page_id()); ?>\"\/><\/span> \/ <a itemprop=\"url\" class=\"post_comments\" href=\"https:\/\/www.sanserif.es\/en\/los-artesanos-de-co22-toman-la-palabra\/#respond\">No comment<\/a><\/div><\/div><\/article><article  class='post-10135 post type-post status-publish format-standard has-post-thumbnail hentry category-ceramic category-communication category-crafts category-evento-en tag-ceramic tag-ceramica-oberta tag-levante-en tag-manises-en tag-sanserif-creatius-en '><div class=\"q_masonry_blog_post_image\"><a itemprop=\"url\" href=\"https:\/\/www.sanserif.es\/en\/manises-abre-las-puertas-de-su-ceramica\/\" target=\"_self\"><img itemprop=\"image\" src=\"https:\/\/www.sanserif.es\/wp-content\/uploads\/2022\/10\/220929-Levante.jpg\" \/><\/a><\/div><div class=\"q_masonry_blog_post_text\"><h5 itemprop=\"name\" class=\"q_masonry_blog_title entry_title\"><a itemprop=\"url\" href=\"https:\/\/www.sanserif.es\/en\/manises-abre-las-puertas-de-su-ceramica\/\">Levante: Manises opens the doors to its ceramics<\/a><\/h5><p itemprop=\"description\" class=\"q_masonry_blog_excerpt\">&#8220;Throughout the day, visitors and participants in the workshops and demonstrations could complete a ceramic passport, either with activities or with the acquisition of ceramic objects made exclusively for the occasion. They were able to obtain handmade pendants, pinafore dresses or aprons of master ceramists,......<\/p><div class=\"q_masonry_blog_post_info\"><span itemprop=\"dateCreated\" class=\"time entry_date updated\">22 September, 2022<meta itemprop=\"interactionCount\" content=\"UserComments: <?php echo get_comments_number(qode_get_page_id()); ?>\"\/><\/span> \/ <a itemprop=\"url\" class=\"post_comments\" href=\"https:\/\/www.sanserif.es\/en\/manises-abre-las-puertas-de-su-ceramica\/#respond\">No comment<\/a><\/div><\/div><\/article><article  class='post-10128 post type-post status-publish format-standard has-post-thumbnail hentry category-ceramic category-crafts category-evento-en tag-a-punt-en tag-ceramica-en tag-ceramica-oberta tag-horta-noticias-en tag-las-provincias-en tag-sanserif-creatius-en '><div class=\"q_masonry_blog_post_image\"><a itemprop=\"url\" href=\"https:\/\/www.sanserif.es\/en\/mas-de-2-000-personas-visitan-ceramica-oberta-manises\/\" target=\"_self\"><img itemprop=\"image\" src=\"https:\/\/www.sanserif.es\/wp-content\/uploads\/2022\/10\/Fotos-PDF-Prensa-Apunt-220917.jpg\" \/><\/a><\/div><div class=\"q_masonry_blog_post_text\"><h5 itemprop=\"name\" class=\"q_masonry_blog_title entry_title\"><a itemprop=\"url\" href=\"https:\/\/www.sanserif.es\/en\/mas-de-2-000-personas-visitan-ceramica-oberta-manises\/\">More than 2,000 people visit Cer\u00e0mica Oberta Manises<\/a><\/h5><p itemprop=\"description\" class=\"q_masonry_blog_excerpt\">The media are paying attention to Cer\u00e0mica Oberta and highlight the high rate of participation of artisans and visitors, who are interested in getting to know the ceramics of Manises (Valencia). Here are a couple of sample entries: Two of the most visited workshops and......<\/p><div class=\"q_masonry_blog_post_info\"><span itemprop=\"dateCreated\" class=\"time entry_date updated\">20 September, 2022<meta itemprop=\"interactionCount\" content=\"UserComments: <?php echo get_comments_number(qode_get_page_id()); ?>\"\/><\/span> \/ <a itemprop=\"url\" class=\"post_comments\" href=\"https:\/\/www.sanserif.es\/en\/mas-de-2-000-personas-visitan-ceramica-oberta-manises\/#respond\">No comment<\/a><\/div><\/div><\/article><article  class='post-10086 post type-post status-publish format-standard has-post-thumbnail hentry category-ceramic category-crafts category-evento-en category-graphic-design-en tag-ceramica-en tag-ceramica-oberta tag-sanserif-creatius-en tag-valencia-capital-mundial-del-diseno-en tag-wdcc-2022-en '><div class=\"q_masonry_blog_post_image\"><a itemprop=\"url\" href=\"https:\/\/www.sanserif.es\/en\/ceramica-oberta-en-la-valencia-capital-mundial-del-diseno-2022\/\" target=\"_self\"><img itemprop=\"image\" src=\"https:\/\/www.sanserif.es\/wp-content\/uploads\/2022\/10\/220913-WDCValencia-Agenda.jpg\" \/><\/a><\/div><div class=\"q_masonry_blog_post_text\"><h5 itemprop=\"name\" class=\"q_masonry_blog_title entry_title\"><a itemprop=\"url\" href=\"https:\/\/www.sanserif.es\/en\/ceramica-oberta-en-la-valencia-capital-mundial-del-diseno-2022\/\">Val\u00e8ncia\u2019s 2022 World Design Capital echoes Cer\u00e0mica Oberta<\/a><\/h5><p itemprop=\"description\" class=\"q_masonry_blog_excerpt\">Val\u00e8ncia\u2019s 2022 World Design Capital echoes Cer\u00e0mica Oberta open day that we are organising in \ud83d\udcf2 www.sanserif.es for the Tourism Councilors and the Ceramic Promotion of Manises. This will be a unique event, which will be held in different parts of the city, with recreational......<\/p><div class=\"q_masonry_blog_post_info\"><span itemprop=\"dateCreated\" class=\"time entry_date updated\">13 September, 2022<meta itemprop=\"interactionCount\" content=\"UserComments: <?php echo get_comments_number(qode_get_page_id()); ?>\"\/><\/span> \/ <a itemprop=\"url\" class=\"post_comments\" href=\"https:\/\/www.sanserif.es\/en\/ceramica-oberta-en-la-valencia-capital-mundial-del-diseno-2022\/#respond\">No comment<\/a><\/div><\/div><\/article><article  class='post-10082 post type-post status-publish format-standard has-post-thumbnail hentry category-communication category-corporate-en category-evento-en tag-40-anos-en tag-aniversario-en tag-cerviglas-en tag-sanserif-creatius-en '><div class=\"q_masonry_blog_post_image\"><a itemprop=\"url\" href=\"https:\/\/www.sanserif.es\/en\/40-anos-cerviglas-un-evento-para-compartir\/\" target=\"_self\"><img itemprop=\"image\" src=\"https:\/\/www.sanserif.es\/wp-content\/uploads\/2022\/10\/DSC3870b.jpg\" \/><\/a><\/div><div class=\"q_masonry_blog_post_text\"><h5 itemprop=\"name\" class=\"q_masonry_blog_title entry_title\"><a itemprop=\"url\" href=\"https:\/\/www.sanserif.es\/en\/40-anos-cerviglas-un-evento-para-compartir\/\">Cerviglas 40th anniversary, an event to share<\/a><\/h5><p itemprop=\"description\" class=\"q_masonry_blog_excerpt\">Turning forty years old for a company is quite a special event, especially when we are talking about a family business that values its employees above all else. That is why the 40th anniversary of Cerviglas was an event created by and for them, designed......<\/p><div class=\"q_masonry_blog_post_info\"><span itemprop=\"dateCreated\" class=\"time entry_date updated\">06 September, 2022<meta itemprop=\"interactionCount\" content=\"UserComments: <?php echo get_comments_number(qode_get_page_id()); ?>\"\/><\/span> \/ <a itemprop=\"url\" class=\"post_comments\" href=\"https:\/\/www.sanserif.es\/en\/40-anos-cerviglas-un-evento-para-compartir\/#respond\">No comment<\/a><\/div><\/div><\/article><article  class='post-10078 post type-post status-publish format-standard has-post-thumbnail hentry category-ceramic category-crafts category-fair tag-ceramica-en tag-ceramica-oberta tag-manises-en tag-manises-city-of-ceramics tag-sanserif-creatius-en '><div class=\"q_masonry_blog_post_image\"><a itemprop=\"url\" href=\"https:\/\/www.sanserif.es\/en\/look-artesano-ceramica-oberta-22\/\" target=\"_self\"><img itemprop=\"image\" src=\"https:\/\/www.sanserif.es\/wp-content\/uploads\/2022\/10\/mujer-delantal-sombrero-paja.jpg\" \/><\/a><\/div><div class=\"q_masonry_blog_post_text\"><h5 itemprop=\"name\" class=\"q_masonry_blog_title entry_title\"><a itemprop=\"url\" href=\"https:\/\/www.sanserif.es\/en\/look-artesano-ceramica-oberta-22\/\">Cer\u00e0mica Oberta artisan&#8217;s look<\/a><\/h5><p itemprop=\"description\" class=\"q_masonry_blog_excerpt\">If you see an artisan dressed like this, it means that you are enjoying Cer\u00e0mica Oberta in Manises next Saturday, September 17th. Or that you have managed to complete this year&#8217;s Cer\u00e0mica Oberta passport&#8230; Either way, remember that around fifty artisans will be opening the......<\/p><div class=\"q_masonry_blog_post_info\"><span itemprop=\"dateCreated\" class=\"time entry_date updated\">03 September, 2022<meta itemprop=\"interactionCount\" content=\"UserComments: <?php echo get_comments_number(qode_get_page_id()); ?>\"\/><\/span> \/ <a itemprop=\"url\" class=\"post_comments\" href=\"https:\/\/www.sanserif.es\/en\/look-artesano-ceramica-oberta-22\/#respond\">No comment<\/a><\/div><\/div><\/article><article  class='post-10124 post type-post status-publish format-standard has-post-thumbnail hentry category-uncategorized tag-anniversary tag-cerviglas-en tag-moon tag-sanserif-creatius-en tag-sanserif-es-en tag-sustainability '><div class=\"q_masonry_blog_post_image\"><a itemprop=\"url\" href=\"https:\/\/www.sanserif.es\/en\/un-viaje-de-ida-y-vuelta-a-la-luna-en-vidrio\/\" target=\"_self\"><img itemprop=\"image\" src=\"https:\/\/www.sanserif.es\/wp-content\/uploads\/2022\/08\/Cerviglas-LaFe.jpg\" \/><\/a><\/div><div class=\"q_masonry_blog_post_text\"><h5 itemprop=\"name\" class=\"q_masonry_blog_title entry_title\"><a itemprop=\"url\" href=\"https:\/\/www.sanserif.es\/en\/un-viaje-de-ida-y-vuelta-a-la-luna-en-vidrio\/\">A round trip to the Moon on Glass<\/a><\/h5><p itemprop=\"description\" class=\"q_masonry_blog_excerpt\">A few days back we were celebrating the start of Cerviglas\u2019 fifth decade (www.cerviglas.es), a family business capable of transforming more than 9 and a half million kilos of glass per year. A business capable of making their glass go down as many kilometers as......<\/p><div class=\"q_masonry_blog_post_info\"><span itemprop=\"dateCreated\" class=\"time entry_date updated\">25 August, 2022<meta itemprop=\"interactionCount\" content=\"UserComments: <?php echo get_comments_number(qode_get_page_id()); ?>\"\/><\/span> \/ <a itemprop=\"url\" class=\"post_comments\" href=\"https:\/\/www.sanserif.es\/en\/un-viaje-de-ida-y-vuelta-a-la-luna-en-vidrio\/#respond\">No comment<\/a><\/div><\/div><\/article><article  class='post-10120 post type-post status-publish format-standard has-post-thumbnail hentry category-ceramic category-crafts category-ecodesign-en category-exhibition category-fair category-infantil-en tag-ceramica-en tag-ceramica-oberta tag-family-plan tag-large-family tag-manises-city-of-ceramics tag-manises-unesco tag-pet-friendly-en '><div class=\"q_masonry_blog_post_image\"><a itemprop=\"url\" href=\"https:\/\/www.sanserif.es\/en\/si-eres-una-asociacion-o-una-familia-numerosa-ya-puedes-reservar-tu-taller\/\" target=\"_self\"><img itemprop=\"image\" src=\"https:\/\/www.sanserif.es\/wp-content\/uploads\/2022\/08\/Sanserif-CeramicaOberta-PetFriendly-5b.jpg\" \/><\/a><\/div><div class=\"q_masonry_blog_post_text\"><h5 itemprop=\"name\" class=\"q_masonry_blog_title entry_title\"><a itemprop=\"url\" href=\"https:\/\/www.sanserif.es\/en\/si-eres-una-asociacion-o-una-familia-numerosa-ya-puedes-reservar-tu-taller\/\">You can already book your workshop if you are an organization or a family with 3 or more children<\/a><\/h5><p itemprop=\"description\" class=\"q_masonry_blog_excerpt\">If you are a group and want to participate in any of the free workshops of Cer\u00e0mica Oberta Manises, planned for the Saturday 17th of September (10 a.m. to 2 p.m. &amp; 4 p.m. to 8 p.m.) in Manises (Valencia), you can already book your......<\/p><div class=\"q_masonry_blog_post_info\"><span itemprop=\"dateCreated\" class=\"time entry_date updated\">22 August, 2022<meta itemprop=\"interactionCount\" content=\"UserComments: <?php echo get_comments_number(qode_get_page_id()); ?>\"\/><\/span> \/ <a itemprop=\"url\" class=\"post_comments\" href=\"https:\/\/www.sanserif.es\/en\/si-eres-una-asociacion-o-una-familia-numerosa-ya-puedes-reservar-tu-taller\/#respond\">No comment<\/a><\/div><\/div><\/article><article  class='post-10116 post type-post status-publish format-standard has-post-thumbnail hentry category-communication category-disability tag-art-therapy tag-fem-salut-mental-en tag-idecart-en tag-la-regadera-en tag-valencia-capital-mundial-del-diseno-en '><div class=\"q_masonry_blog_post_image\"><a itemprop=\"url\" href=\"https:\/\/www.sanserif.es\/en\/video-del-proyecto-de-integracion-laboral-la-regadera\/\" target=\"_self\"><img itemprop=\"image\" src=\"https:\/\/www.sanserif.es\/wp-content\/uploads\/2022\/08\/LaRegadera-Idecart-FemSalutMental.jpg\" \/><\/a><\/div><div class=\"q_masonry_blog_post_text\"><h5 itemprop=\"name\" class=\"q_masonry_blog_title entry_title\"><a itemprop=\"url\" href=\"https:\/\/www.sanserif.es\/en\/video-del-proyecto-de-integracion-laboral-la-regadera\/\">Video of La Regadera\u2019s labor integration project<\/a><\/h5><p itemprop=\"description\" class=\"q_masonry_blog_excerpt\">We are happy to share with you the video filmed for \u201cLa Regadera\u201d\u2019s project, one of the sponsored start-ups by the \u201cDise\u00f1o: Lo Por Venir\u201d initiative, an action promoted by Institute for Research, Development and Dissemination of Creation and Art Therapy Processes (IDECART), within the......<\/p><div class=\"q_masonry_blog_post_info\"><span itemprop=\"dateCreated\" class=\"time entry_date updated\">17 August, 2022<meta itemprop=\"interactionCount\" content=\"UserComments: <?php echo get_comments_number(qode_get_page_id()); ?>\"\/><\/span> \/ <a itemprop=\"url\" class=\"post_comments\" href=\"https:\/\/www.sanserif.es\/en\/video-del-proyecto-de-integracion-laboral-la-regadera\/#respond\">No comment<\/a><\/div><\/div><\/article><article  class='post-10112 post type-post status-publish format-standard has-post-thumbnail hentry category-ceramic category-crafts category-ecodesign-en category-exhibition category-fair category-infantil-en category-solidario-en tag-ceramic tag-ceramica-de-manises tag-ceramica-oberta tag-dogs tag-manises-city-of-ceramics tag-manises-unesco tag-pet-friendly-en '><div class=\"q_masonry_blog_post_image\"><a itemprop=\"url\" href=\"https:\/\/www.sanserif.es\/en\/ceramica-familiar-y-pet-friendly-en-manises\/\" target=\"_self\"><img itemprop=\"image\" src=\"https:\/\/www.sanserif.es\/wp-content\/uploads\/2022\/08\/Sanserif-CeramicaOberta-PetFriendly-1.jpg\" \/><\/a><\/div><div class=\"q_masonry_blog_post_text\"><h5 itemprop=\"name\" class=\"q_masonry_blog_title entry_title\"><a itemprop=\"url\" href=\"https:\/\/www.sanserif.es\/en\/ceramica-familiar-y-pet-friendly-en-manises\/\">Pet-friendly pottery to do with the family in Manises<\/a><\/h5><p itemprop=\"description\" class=\"q_masonry_blog_excerpt\">You might already know that Manises is the ceramic city, but you probably didn\u2019t know that they organize an open day with 100% free activities, workshops and pottery demonstrations with pet-friendly vocation. If you would like to enjoy pottery with your pet, you cannot miss......<\/p><div class=\"q_masonry_blog_post_info\"><span itemprop=\"dateCreated\" class=\"time entry_date updated\">05 August, 2022<meta itemprop=\"interactionCount\" content=\"UserComments: <?php echo get_comments_number(qode_get_page_id()); ?>\"\/><\/span> \/ <a itemprop=\"url\" class=\"post_comments\" href=\"https:\/\/www.sanserif.es\/en\/ceramica-familiar-y-pet-friendly-en-manises\/#respond\">No comment<\/a><\/div><\/div><\/article><article  class='post-10108 post type-post status-publish format-standard has-post-thumbnail hentry category-decoration category-ecodesign-en category-interior-design tag-beige tag-grey tag-natural-woods tag-white '><div class=\"q_masonry_blog_post_image\"><a itemprop=\"url\" href=\"https:\/\/www.sanserif.es\/en\/bbm-beige-blanco-y-madera-natural\/\" target=\"_self\"><img itemprop=\"image\" src=\"https:\/\/www.sanserif.es\/wp-content\/uploads\/2022\/08\/BBM-Interiores.jpg\" \/><\/a><\/div><div class=\"q_masonry_blog_post_text\"><h5 itemprop=\"name\" class=\"q_masonry_blog_title entry_title\"><a itemprop=\"url\" href=\"https:\/\/www.sanserif.es\/en\/bbm-beige-blanco-y-madera-natural\/\">BWW: Beige, White and natural Wood<\/a><\/h5><p itemprop=\"description\" class=\"q_masonry_blog_excerpt\">The combination of grey, white and natural woods is a classic in design that, besides, is easy to adapt to the different seasons of the year. Some beige plaids and cushions in winter will get you the desired warm touch, while in summer, turquoise or......<\/p><div class=\"q_masonry_blog_post_info\"><span itemprop=\"dateCreated\" class=\"time entry_date updated\">03 August, 2022<meta itemprop=\"interactionCount\" content=\"UserComments: <?php echo get_comments_number(qode_get_page_id()); ?>\"\/><\/span> \/ <a itemprop=\"url\" class=\"post_comments\" href=\"https:\/\/www.sanserif.es\/en\/bbm-beige-blanco-y-madera-natural\/#respond\">No comment<\/a><\/div><\/div><\/article><article  class='post-10104 post type-post status-publish format-standard has-post-thumbnail hentry category-communication category-publicidad-en category-spot-en tag-cerviglas-en tag-skycraper tag-starry-night tag-sustainability '><div class=\"q_masonry_blog_post_image\"><a itemprop=\"url\" href=\"https:\/\/www.sanserif.es\/en\/la-ciudad-que-nunca-duerme\/\" target=\"_self\"><img itemprop=\"image\" src=\"https:\/\/www.sanserif.es\/wp-content\/uploads\/2022\/08\/Cerviglas-CiudaddeLuz.jpg\" \/><\/a><\/div><div class=\"q_masonry_blog_post_text\"><h5 itemprop=\"name\" class=\"q_masonry_blog_title entry_title\"><a itemprop=\"url\" href=\"https:\/\/www.sanserif.es\/en\/la-ciudad-que-nunca-duerme\/\">The city that never sleeps<\/a><\/h5><p itemprop=\"description\" class=\"q_masonry_blog_excerpt\">When you look at modern cities, full of glass skyscrapers, with hundreds of light dots shining like a sky full of stars on Earth\u2026 you most likely do not ask yourself how they have come true. The answer is simple; Cerviglas. A firm that moves......<\/p><div class=\"q_masonry_blog_post_info\"><span itemprop=\"dateCreated\" class=\"time entry_date updated\">23 July, 2022<meta itemprop=\"interactionCount\" content=\"UserComments: <?php echo get_comments_number(qode_get_page_id()); ?>\"\/><\/span> \/ <a itemprop=\"url\" class=\"post_comments\" href=\"https:\/\/www.sanserif.es\/en\/la-ciudad-que-nunca-duerme\/#respond\">No comment<\/a><\/div><\/div><\/article><article  class='post-10100 post type-post status-publish format-standard has-post-thumbnail hentry category-decoration category-ecodesign-en category-interior-design tag-espacios-luminosos-en tag-estilo-escandinavo-en tag-estilo-nordico-en tag-fibras-naturales-en tag-luz-natural-en '><div class=\"q_masonry_blog_post_image\"><a itemprop=\"url\" href=\"https:\/\/www.sanserif.es\/en\/inspire-ideas-dormitorio-blanco-y-madera\/\" target=\"_self\"><img itemprop=\"image\" src=\"https:\/\/www.sanserif.es\/wp-content\/uploads\/2022\/07\/BBM-Interiores-dormitorio.jpg\" \/><\/a><\/div><div class=\"q_masonry_blog_post_text\"><h5 itemprop=\"name\" class=\"q_masonry_blog_title entry_title\"><a itemprop=\"url\" href=\"https:\/\/www.sanserif.es\/en\/inspire-ideas-dormitorio-blanco-y-madera\/\">Inspire ideas: white, wooden bedroom<\/a><\/h5><p itemprop=\"description\" class=\"q_masonry_blog_excerpt\">We love the Scandinavian style; minimalist, deprived of the anglo saxon baroque or Proven\u00e7al adornments, and always with bright rooms, white walls or if not, very light colors. In Northern Europe they are a necessity because of the limitation of daylight due to the weather......<\/p><div class=\"q_masonry_blog_post_info\"><span itemprop=\"dateCreated\" class=\"time entry_date updated\">15 July, 2022<meta itemprop=\"interactionCount\" content=\"UserComments: <?php echo get_comments_number(qode_get_page_id()); ?>\"\/><\/span> \/ <a itemprop=\"url\" class=\"post_comments\" href=\"https:\/\/www.sanserif.es\/en\/inspire-ideas-dormitorio-blanco-y-madera\/#respond\">No comment<\/a><\/div><\/div><\/article><article  class='post-10096 post type-post status-publish format-standard has-post-thumbnail hentry category-communication category-crafts category-disability category-graphic-design-en category-solidario-en tag-ana-yago-en tag-diputacion-de-valencia-en tag-fem-salut-mental-en tag-idecart-en tag-sanserif-creatius-en tag-upv-en tag-valencia-capital-mundial-del-diseno-en '><div class=\"q_masonry_blog_post_image\"><a itemprop=\"url\" href=\"https:\/\/www.sanserif.es\/en\/camisetas-que-promueven-la-salud-mental\/\" target=\"_self\"><img itemprop=\"image\" src=\"https:\/\/www.sanserif.es\/wp-content\/uploads\/2022\/07\/Sanserif-Idecart-FemSalut-LaRegadera.jpg\" \/><\/a><\/div><div class=\"q_masonry_blog_post_text\"><h5 itemprop=\"name\" class=\"q_masonry_blog_title entry_title\"><a itemprop=\"url\" href=\"https:\/\/www.sanserif.es\/en\/camisetas-que-promueven-la-salud-mental\/\">T-shirts that promote mental health<\/a><\/h5><p itemprop=\"description\" class=\"q_masonry_blog_excerpt\">Drawings and messages with deep background and a fresh, direct style to show people a different perspective towards mental health. This is La Regadera\u2019s objective, formed by a group of people with mental health problems from Burjassot that leaps into entrepreneurship and activism to improve......<\/p><div class=\"q_masonry_blog_post_info\"><span itemprop=\"dateCreated\" class=\"time entry_date updated\">07 July, 2022<meta itemprop=\"interactionCount\" content=\"UserComments: <?php echo get_comments_number(qode_get_page_id()); ?>\"\/><\/span> \/ <a itemprop=\"url\" class=\"post_comments\" href=\"https:\/\/www.sanserif.es\/en\/camisetas-que-promueven-la-salud-mental\/#respond\">No comment<\/a><\/div><\/div><\/article><article  class='post-9926 post type-post status-publish format-standard has-post-thumbnail hentry category-ceramic category-crafts category-ecodesign-en category-exhibition category-fair tag-artesania-en tag-ceramica-de-manises tag-ceramica-oberta tag-manises-en tag-manises-unesco tag-sanserif-creatius-en '><div class=\"q_masonry_blog_post_image\"><a itemprop=\"url\" href=\"https:\/\/www.sanserif.es\/en\/en-septiembre-llega-ceramica-oberta-2\/\" target=\"_self\"><img itemprop=\"image\" src=\"https:\/\/www.sanserif.es\/wp-content\/uploads\/2022\/05\/adhesivos-Manises-O-LOW.jpg\" \/><\/a><\/div><div class=\"q_masonry_blog_post_text\"><h5 itemprop=\"name\" class=\"q_masonry_blog_title entry_title\"><a itemprop=\"url\" href=\"https:\/\/www.sanserif.es\/en\/en-septiembre-llega-ceramica-oberta-2\/\">September welcomes Cer\u00e0mica Oberta<\/a><\/h5><p itemprop=\"description\" class=\"q_masonry_blog_excerpt\">A festive day in which a score of workshops and artisan ceramic business from Manises will open their doors to the public to show their work, their techniques, and the spaces in which magic comes from. The scheduled date is 17th September so you will......<\/p><div class=\"q_masonry_blog_post_info\"><span itemprop=\"dateCreated\" class=\"time entry_date updated\">05 July, 2022<meta itemprop=\"interactionCount\" content=\"UserComments: <?php echo get_comments_number(qode_get_page_id()); ?>\"\/><\/span> \/ <a itemprop=\"url\" class=\"post_comments\" href=\"https:\/\/www.sanserif.es\/en\/en-septiembre-llega-ceramica-oberta-2\/#respond\">No comment<\/a><\/div><\/div><\/article><article  class='post-10427 post type-post status-publish format-standard has-post-thumbnail hentry category-communication category-graphic-design-en category-trademark tag-3-al-hilo-en tag-40-anos-en tag-aniversario-en tag-carlos-gardel-en tag-cerviglas-en tag-vidrio-en '><div class=\"q_masonry_blog_post_image\"><a itemprop=\"url\" href=\"https:\/\/www.sanserif.es\/en\/cuarenta-no-es-nada-cerviglas\/\" target=\"_self\"><img itemprop=\"image\" src=\"https:\/\/www.sanserif.es\/wp-content\/uploads\/2022\/07\/Sanserif-Cerviglas-40anos-2.jpg\" \/><\/a><\/div><div class=\"q_masonry_blog_post_text\"><h5 itemprop=\"name\" class=\"q_masonry_blog_title entry_title\"><a itemprop=\"url\" href=\"https:\/\/www.sanserif.es\/en\/cuarenta-no-es-nada-cerviglas\/\">Forty is nothing\u2026Cerviglas<\/a><\/h5><p itemprop=\"description\" class=\"q_masonry_blog_excerpt\">We could sing Gardel\u2019s: \u2026 Return with a withered forehead The snows of time silvered my temple Feeling life is a blow That twenty years is nothing\u2026 &nbsp; But 40 years have passed and the lyrics of 3 Al Hilo are more relevant: Although time......<\/p><div class=\"q_masonry_blog_post_info\"><span itemprop=\"dateCreated\" class=\"time entry_date updated\">05 June, 2022<meta itemprop=\"interactionCount\" content=\"UserComments: <?php echo get_comments_number(qode_get_page_id()); ?>\"\/><\/span> \/ <a itemprop=\"url\" class=\"post_comments\" href=\"https:\/\/www.sanserif.es\/en\/cuarenta-no-es-nada-cerviglas\/#respond\">No comment<\/a><\/div><\/div><\/article><article  class='post-9894 post type-post status-publish format-standard has-post-thumbnail hentry category-graphic-design-en category-tipography tag-ana-yago-en tag-exhibition-en tag-graphic-design tag-muvim-en tag-sanserif-creatius-en tag-sanserif-es-en tag-textpontaniament-en tag-upv-en '><div class=\"q_masonry_blog_post_image\"><a itemprop=\"url\" href=\"https:\/\/www.sanserif.es\/en\/9702\/\" target=\"_self\"><img itemprop=\"image\" src=\"https:\/\/www.sanserif.es\/wp-content\/uploads\/2022\/05\/MUVIM.jpg\" \/><\/a><\/div><div class=\"q_masonry_blog_post_text\"><h5 itemprop=\"name\" class=\"q_masonry_blog_title entry_title\"><a itemprop=\"url\" href=\"https:\/\/www.sanserif.es\/en\/9702\/\">Sanserif in the Text-pont\u00e0niament exhibition at MuVIM<\/a><\/h5><p itemprop=\"description\" class=\"q_masonry_blog_excerpt\">We don\u2019t always look at things in the same way, and that\u2019s fun. We love the Text-pot\u00e0niamente\u2019s proposal organized by @Master_artes_graicas_upv at the @muvim.es If you\u2019re interested on seeing typography from another point of view, come along. You\u2019ll get to see us along with many......<\/p><div class=\"q_masonry_blog_post_info\"><span itemprop=\"dateCreated\" class=\"time entry_date updated\">18 May, 2022<meta itemprop=\"interactionCount\" content=\"UserComments: <?php echo get_comments_number(qode_get_page_id()); ?>\"\/><\/span> \/ <a itemprop=\"url\" class=\"post_comments\" href=\"https:\/\/www.sanserif.es\/en\/9702\/#respond\">No comment<\/a><\/div><\/div><\/article><article  class='post-9899 post type-post status-publish format-standard has-post-thumbnail hentry category-decoration category-interior-design tag-glass-railing-stairs tag-safe-places tag-sanserif-creatius-en tag-sanserif-es-en '><div class=\"q_masonry_blog_post_image\"><a itemprop=\"url\" href=\"https:\/\/www.sanserif.es\/en\/escaleras-con-barandillas-de-vidrio\/\" target=\"_self\"><img itemprop=\"image\" src=\"https:\/\/www.sanserif.es\/wp-content\/uploads\/2022\/05\/Proteccion-escalera.jpg\" \/><\/a><\/div><div class=\"q_masonry_blog_post_text\"><h5 itemprop=\"name\" class=\"q_masonry_blog_title entry_title\"><a itemprop=\"url\" href=\"https:\/\/www.sanserif.es\/en\/escaleras-con-barandillas-de-vidrio\/\">Glass railing stairs<\/a><\/h5><p itemprop=\"description\" class=\"q_masonry_blog_excerpt\">An overhanging staircase is an aesthetically satisfactory solution, but it implies a great danger when children or elderly people are around. Therefore, including a railing it\u2019s always a good idea. However, safety often means putting on the line natural light and visual space. At \ud83d\udcf2......<\/p><div class=\"q_masonry_blog_post_info\"><span itemprop=\"dateCreated\" class=\"time entry_date updated\">27 April, 2022<meta itemprop=\"interactionCount\" content=\"UserComments: <?php echo get_comments_number(qode_get_page_id()); ?>\"\/><\/span> \/ <a itemprop=\"url\" class=\"post_comments\" href=\"https:\/\/www.sanserif.es\/en\/escaleras-con-barandillas-de-vidrio\/#respond\">No comment<\/a><\/div><\/div><\/article><article  class='post-9912 post type-post status-publish format-standard has-post-thumbnail hentry category-decoration category-interior-design tag-ana-yago-en tag-nordic-style tag-open-concept tag-sanserif-creatius-en tag-sanserif-es-en tag-scandinavian-style tag-white tag-wood '><div class=\"q_masonry_blog_post_image\"><a itemprop=\"url\" href=\"https:\/\/www.sanserif.es\/en\/combinar-el-blanco-en-el-hogar\/\" target=\"_self\"><img itemprop=\"image\" src=\"https:\/\/www.sanserif.es\/wp-content\/uploads\/2022\/05\/Interiores-Naturales-3.jpg\" \/><\/a><\/div><div class=\"q_masonry_blog_post_text\"><h5 itemprop=\"name\" class=\"q_masonry_blog_title entry_title\"><a itemprop=\"url\" href=\"https:\/\/www.sanserif.es\/en\/combinar-el-blanco-en-el-hogar\/\">Matching white at home<\/a><\/h5><p itemprop=\"description\" class=\"q_masonry_blog_excerpt\">White is both the absence of color and the mixture of all of them at the same time. And that\u2019s precisely why it goes well with all tones\u2015from the darkest to the lightest. Have you ever tried combining it with black? Just details. It\u2019s not......<\/p><div class=\"q_masonry_blog_post_info\"><span itemprop=\"dateCreated\" class=\"time entry_date updated\">11 April, 2022<meta itemprop=\"interactionCount\" content=\"UserComments: <?php echo get_comments_number(qode_get_page_id()); ?>\"\/><\/span> \/ <a itemprop=\"url\" class=\"post_comments\" href=\"https:\/\/www.sanserif.es\/en\/combinar-el-blanco-en-el-hogar\/#respond\">No comment<\/a><\/div><\/div><\/article><article  class='post-9904 post type-post status-publish format-standard has-post-thumbnail hentry category-decoration category-interior-design tag-industrial-style tag-kitchen tag-natural-fibers tag-nordic-style tag-scandinavian-style tag-white tag-wood '><div class=\"q_masonry_blog_post_image\"><a itemprop=\"url\" href=\"https:\/\/www.sanserif.es\/en\/combinando-blanco-y-madera-en-la-cocina\/\" target=\"_self\"><img itemprop=\"image\" src=\"https:\/\/www.sanserif.es\/wp-content\/uploads\/2022\/05\/Interiores-Naturales-2.jpg\" \/><\/a><\/div><div class=\"q_masonry_blog_post_text\"><h5 itemprop=\"name\" class=\"q_masonry_blog_title entry_title\"><a itemprop=\"url\" href=\"https:\/\/www.sanserif.es\/en\/combinando-blanco-y-madera-en-la-cocina\/\">Combining white and wood in the kitchen<\/a><\/h5><p itemprop=\"description\" class=\"q_masonry_blog_excerpt\">La combinaci\u00f3n de blanco y madera \u2013y\/o fibras naturales\u2013 nunca decepciona. La pureza del blanco encuentra en la naturalidad de la madera y las fibras naturales el compa\u00f1ero perfecto. Estos materiales se encargan de aportar calidez al blanco y se benefician de la luminosidad que......<\/p><div class=\"q_masonry_blog_post_info\"><span itemprop=\"dateCreated\" class=\"time entry_date updated\">10 April, 2022<meta itemprop=\"interactionCount\" content=\"UserComments: <?php echo get_comments_number(qode_get_page_id()); ?>\"\/><\/span> \/ <a itemprop=\"url\" class=\"post_comments\" href=\"https:\/\/www.sanserif.es\/en\/combinando-blanco-y-madera-en-la-cocina\/#respond\">No comment<\/a><\/div><\/div><\/article><article  class='post-9916 post type-post status-publish format-standard has-post-thumbnail hentry category-decoration category-interior-design tag-ana-yago-en tag-bath tag-kitchen tag-nordic-style tag-open-concept tag-sanserif-creatius-en tag-sanserif-es-en tag-white tag-wood '><div class=\"q_masonry_blog_post_image\"><a itemprop=\"url\" href=\"https:\/\/www.sanserif.es\/en\/el-color-blanco-es-el-comodin-perfecto\/\" target=\"_self\"><img itemprop=\"image\" src=\"https:\/\/www.sanserif.es\/wp-content\/uploads\/2022\/05\/Interiores-Naturales-1.jpg\" \/><\/a><\/div><div class=\"q_masonry_blog_post_text\"><h5 itemprop=\"name\" class=\"q_masonry_blog_title entry_title\"><a itemprop=\"url\" href=\"https:\/\/www.sanserif.es\/en\/el-color-blanco-es-el-comodin-perfecto\/\">White is the perfect wildcard<\/a><\/h5><p itemprop=\"description\" class=\"q_masonry_blog_excerpt\">White is the perfect wildcard: bright, it combines with all colors and styles, and it opens spaces up. What else could we ask for? It\u2019s always a great option to start with white when you want to create from scratch a new space since it\u2019s......<\/p><div class=\"q_masonry_blog_post_info\"><span itemprop=\"dateCreated\" class=\"time entry_date updated\">09 April, 2022<meta itemprop=\"interactionCount\" content=\"UserComments: <?php echo get_comments_number(qode_get_page_id()); ?>\"\/><\/span> \/ <a itemprop=\"url\" class=\"post_comments\" href=\"https:\/\/www.sanserif.es\/en\/el-color-blanco-es-el-comodin-perfecto\/#respond\">No comment<\/a><\/div><\/div><\/article><article  class='post-9443 post type-post status-publish format-standard has-post-thumbnail hentry category-decoration category-interior-design tag-a-picture-is-worth-a-thousand-words tag-aesthetic tag-ana-yago-en tag-biophilia tag-decoration-en tag-flores-frescas-en tag-hogar-en tag-interiorism-en tag-plantas-naturales-en tag-sanserif-creatius-en tag-sanserif-es-en tag-sustainability '><div class=\"q_masonry_blog_post_image\"><a itemprop=\"url\" href=\"https:\/\/www.sanserif.es\/en\/los-estilos-decorativos-naturales-vuelven-con-fuerza\/\" target=\"_self\"><img itemprop=\"image\" src=\"https:\/\/www.sanserif.es\/wp-content\/uploads\/2022\/01\/220121-Sanserif-Set-Lineas.png\" \/><\/a><\/div><div class=\"q_masonry_blog_post_text\"><h5 itemprop=\"name\" class=\"q_masonry_blog_title entry_title\"><a itemprop=\"url\" href=\"https:\/\/www.sanserif.es\/en\/los-estilos-decorativos-naturales-vuelven-con-fuerza\/\">Nature-inspired decorations have made a strong comeback<\/a><\/h5><p itemprop=\"description\" class=\"q_masonry_blog_excerpt\">Nature-inspired decorations have made a strong comeback. We are not necessarily talking about installing a water fountain at home or having Zen garden, but rather opting for natural materials as well as plants and fresh flowers. This phenomenon is known as \u201cbiophilia\u201d or, to put......<\/p><div class=\"q_masonry_blog_post_info\"><span itemprop=\"dateCreated\" class=\"time entry_date updated\">21 January, 2022<meta itemprop=\"interactionCount\" content=\"UserComments: <?php echo get_comments_number(qode_get_page_id()); ?>\"\/><\/span> \/ <a itemprop=\"url\" class=\"post_comments\" href=\"https:\/\/www.sanserif.es\/en\/los-estilos-decorativos-naturales-vuelven-con-fuerza\/#respond\">No comment<\/a><\/div><\/div><\/article><article  class='post-9454 post type-post status-publish format-standard has-post-thumbnail hentry category-corporate-en category-photography-en tag-ana-yago-en tag-david-lachapelle tag-eduardo-peris tag-obi-terra tag-salvador-marti-en tag-sanserif-creatius-en tag-sanserif-es-en tag-shooting '><div class=\"q_masonry_blog_post_image\"><a itemprop=\"url\" href=\"https:\/\/www.sanserif.es\/en\/people-say-photographs-never-lie\/\" target=\"_self\"><img itemprop=\"image\" src=\"https:\/\/www.sanserif.es\/wp-content\/uploads\/2022\/01\/Sanserif-Esencia13-ObiTerra-scaled.jpg\" \/><\/a><\/div><div class=\"q_masonry_blog_post_text\"><h5 itemprop=\"name\" class=\"q_masonry_blog_title entry_title\"><a itemprop=\"url\" href=\"https:\/\/www.sanserif.es\/en\/people-say-photographs-never-lie\/\">People say photographs never lie<\/a><\/h5><p itemprop=\"description\" class=\"q_masonry_blog_excerpt\">People say photographs never lie \u201cPeople say photographs never lie, mine do\u201d. David Lachapelle was sincere. We want to be too. We work with the best to get the best result. Nevertheless, sometimes the result is more about imagination than reality \u2026 call it Christmas......<\/p><div class=\"q_masonry_blog_post_info\"><span itemprop=\"dateCreated\" class=\"time entry_date updated\">03 January, 2022<meta itemprop=\"interactionCount\" content=\"UserComments: <?php echo get_comments_number(qode_get_page_id()); ?>\"\/><\/span> \/ <a itemprop=\"url\" class=\"post_comments\" href=\"https:\/\/www.sanserif.es\/en\/people-say-photographs-never-lie\/#respond\">No comment<\/a><\/div><\/div><\/article><article  class='post-9448 post type-post status-publish format-standard has-post-thumbnail hentry category-decoration category-graphic-design-en category-interior-design tag-a-picture-is-worth-a-thousand-words tag-decoration-en tag-decorative-panels tag-exclusive-decoration tag-interiorism-en tag-sanserif-creatius-en tag-sanserif-es-en '><div class=\"q_masonry_blog_post_image\"><a itemprop=\"url\" href=\"https:\/\/www.sanserif.es\/en\/obras-o-decoracion-exclusiva\/\" target=\"_self\"><img itemprop=\"image\" src=\"https:\/\/www.sanserif.es\/wp-content\/uploads\/2022\/01\/sanserif-Inspire-Ideas-lamina-nov21.png\" \/><\/a><\/div><div class=\"q_masonry_blog_post_text\"><h5 itemprop=\"name\" class=\"q_masonry_blog_title entry_title\"><a itemprop=\"url\" href=\"https:\/\/www.sanserif.es\/en\/obras-o-decoracion-exclusiva\/\">Works or exclusive decoration?<\/a><\/h5><p itemprop=\"description\" class=\"q_masonry_blog_excerpt\">If you are looking to breathe new life into your room, you could do some construction work or change your furniture, or might as well just simply go for exclusive decoration. We offer you in fact both options and in a couple of days you......<\/p><div class=\"q_masonry_blog_post_info\"><span itemprop=\"dateCreated\" class=\"time entry_date updated\">12 December, 2021<meta itemprop=\"interactionCount\" content=\"UserComments: <?php echo get_comments_number(qode_get_page_id()); ?>\"\/><\/span> \/ <a itemprop=\"url\" class=\"post_comments\" href=\"https:\/\/www.sanserif.es\/en\/obras-o-decoracion-exclusiva\/#respond\">No comment<\/a><\/div><\/div><\/article><article  class='post-9461 post type-post status-publish format-standard has-post-thumbnail hentry category-decoration category-graphic-design-en category-interior-design category-trademark tag-clinicas-en tag-concepto-de-imagen-en tag-dano-cerebral-adquirido-en tag-neural-en tag-neural-kids-en tag-neuro-rehabilitacion-en tag-sanserif-creatius-en '><div class=\"q_masonry_blog_post_image\"><a itemprop=\"url\" href=\"https:\/\/www.sanserif.es\/en\/clinicas-neural-para-ninos\/\" target=\"_self\"><img itemprop=\"image\" src=\"https:\/\/www.sanserif.es\/wp-content\/uploads\/2021\/10\/interior-kids-03-scaled.jpg\" \/><\/a><\/div><div class=\"q_masonry_blog_post_text\"><h5 itemprop=\"name\" class=\"q_masonry_blog_title entry_title\"><a itemprop=\"url\" href=\"https:\/\/www.sanserif.es\/en\/clinicas-neural-para-ninos\/\">Neural Kids, clinics for children<\/a><\/h5><p itemprop=\"description\" class=\"q_masonry_blog_excerpt\">New image concept for cl\u00ednicas Neural, a network of clinics specialised in neurological rehabilitation for any type of neurological affection or disorder. After inaugurating their first reference centre in Spain they currently have 13 specialised clinics with expert treatment for Acquired Brain Injury, and now......<\/p><div class=\"q_masonry_blog_post_info\"><span itemprop=\"dateCreated\" class=\"time entry_date updated\">29 October, 2021<meta itemprop=\"interactionCount\" content=\"UserComments: <?php echo get_comments_number(qode_get_page_id()); ?>\"\/><\/span> \/ <a itemprop=\"url\" class=\"post_comments\" href=\"https:\/\/www.sanserif.es\/en\/clinicas-neural-para-ninos\/#respond\">No comment<\/a><\/div><\/div><\/article><article  class='post-9452 post type-post status-publish format-standard has-post-thumbnail hentry category-ecodesign-en category-environment-en category-furniture-design category-industrial-design category-interior-design tag-cardboard-furniture tag-daenerys-targaryen tag-game-of-thrones tag-got tag-khal-drogo tag-sanserif-es-en tag-three-little-pigs-en tag-valentina-chair '><div class=\"q_masonry_blog_post_image\"><a itemprop=\"url\" href=\"https:\/\/www.sanserif.es\/en\/valentina-chair-and-the-three-little-pigs\/\" target=\"_self\"><img itemprop=\"image\" src=\"https:\/\/www.sanserif.es\/wp-content\/uploads\/2021\/10\/Sanserif-Los3c-ValentinaChair.jpg\" \/><\/a><\/div><div class=\"q_masonry_blog_post_text\"><h5 itemprop=\"name\" class=\"q_masonry_blog_title entry_title\"><a itemprop=\"url\" href=\"https:\/\/www.sanserif.es\/en\/valentina-chair-and-the-three-little-pigs\/\">Valentina Chair and the Three Little Pigs<\/a><\/h5><p itemprop=\"description\" class=\"q_masonry_blog_excerpt\">Khal Drogo used to say: \u201cA king doesn\u2019t need a throne where to sit on. He just needs a horse.\u201d Obviously, considering how it ended for him, we prefer to sit on a throne, but without that many thorns and blades like the Irone Throne......<\/p><div class=\"q_masonry_blog_post_info\"><span itemprop=\"dateCreated\" class=\"time entry_date updated\">12 October, 2021<meta itemprop=\"interactionCount\" content=\"UserComments: <?php echo get_comments_number(qode_get_page_id()); ?>\"\/><\/span> \/ <a itemprop=\"url\" class=\"post_comments\" href=\"https:\/\/www.sanserif.es\/en\/valentina-chair-and-the-three-little-pigs\/#respond\">No comment<\/a><\/div><\/div><\/article><article  class='post-9458 post type-post status-publish format-standard has-post-thumbnail hentry category-decoration category-ecodesign-en category-furniture-design category-industrial-design category-interior-design tag-sanserif-es-en tag-sostenibilidad-en '><div class=\"q_masonry_blog_post_image\"><a itemprop=\"url\" href=\"https:\/\/www.sanserif.es\/en\/a-barrier-thatll-make-you-happier\/\" target=\"_self\"><img itemprop=\"image\" src=\"https:\/\/www.sanserif.es\/wp-content\/uploads\/2021\/10\/Sanserif-Los3c-OportunoStool.jpg\" \/><\/a><\/div><div class=\"q_masonry_blog_post_text\"><h5 itemprop=\"name\" class=\"q_masonry_blog_title entry_title\"><a itemprop=\"url\" href=\"https:\/\/www.sanserif.es\/en\/a-barrier-thatll-make-you-happier\/\">A barrier that\u2019ll make you happier<\/a><\/h5><p itemprop=\"description\" class=\"q_masonry_blog_excerpt\">Traditional tales can be updated, just like auxiliary furniture. This recycled cardboard stool is foldable, light, versatile and convenient. A stool, a footstool, a base for figures\u2026 these are just some of the functions that this multi-use complement can perform\u2026 and yet there is a......<\/p><div class=\"q_masonry_blog_post_info\"><span itemprop=\"dateCreated\" class=\"time entry_date updated\">06 October, 2021<meta itemprop=\"interactionCount\" content=\"UserComments: <?php echo get_comments_number(qode_get_page_id()); ?>\"\/><\/span> \/ <a itemprop=\"url\" class=\"post_comments\" href=\"https:\/\/www.sanserif.es\/en\/a-barrier-thatll-make-you-happier\/#respond\">No comment<\/a><\/div><\/div><\/article><article  class='post-9456 post type-post status-publish format-standard has-post-thumbnail hentry category-decoration category-ecodesign-en category-furniture-design category-industrial-design tag-ana-yago-en tag-cardboard-furniture tag-eduardo-peris tag-marie-antoinette tag-sanserif-creatius-en tag-sanserif-es-en '><div class=\"q_masonry_blog_post_image\"><a itemprop=\"url\" href=\"https:\/\/www.sanserif.es\/en\/a-headless-dresser\/\" target=\"_self\"><img itemprop=\"image\" src=\"https:\/\/www.sanserif.es\/wp-content\/uploads\/2021\/10\/Sanserif-Los3c-MAntonieta.jpg\" \/><\/a><\/div><div class=\"q_masonry_blog_post_text\"><h5 itemprop=\"name\" class=\"q_masonry_blog_title entry_title\"><a itemprop=\"url\" href=\"https:\/\/www.sanserif.es\/en\/a-headless-dresser\/\">A headless dresser<\/a><\/h5><p itemprop=\"description\" class=\"q_masonry_blog_excerpt\">Our Marie Antoinette dresser by Sanserif.es is both versatile and sustainable. Produced in 100% recycled corrugated fibreboard, it was named after Louis XVI\u2019s famous queen consort. Just like the queen, this dresser can have its head clean-cut separated from its body. Mirror not included. Here......<\/p><div class=\"q_masonry_blog_post_info\"><span itemprop=\"dateCreated\" class=\"time entry_date updated\">02 October, 2021<meta itemprop=\"interactionCount\" content=\"UserComments: <?php echo get_comments_number(qode_get_page_id()); ?>\"\/><\/span> \/ <a itemprop=\"url\" class=\"post_comments\" href=\"https:\/\/www.sanserif.es\/en\/a-headless-dresser\/#respond\">No comment<\/a><\/div><\/div><\/article><article  class='post-9465 post type-post status-publish format-standard has-post-thumbnail hentry category-crafts category-product-design tag-ana-yago-en tag-coleccion-45o-en tag-cubiertos-en tag-elisa-peris-en tag-flatware-en tag-peris-roca-orfebres-en tag-sanserif-creatius-en '><div class=\"q_masonry_blog_post_image\"><a itemprop=\"url\" href=\"https:\/\/www.sanserif.es\/en\/un-cubierto-sin-mesa\/\" target=\"_self\"><img itemprop=\"image\" src=\"https:\/\/www.sanserif.es\/wp-content\/uploads\/2021\/07\/Sanserif-PerisRocaOrfebres-Coleccion45-Cubiertos.jpg\" \/><\/a><\/div><div class=\"q_masonry_blog_post_text\"><h5 itemprop=\"name\" class=\"q_masonry_blog_title entry_title\"><a itemprop=\"url\" href=\"https:\/\/www.sanserif.es\/en\/un-cubierto-sin-mesa\/\">Cutlery without a table<\/a><\/h5><p itemprop=\"description\" class=\"q_masonry_blog_excerpt\">We have always enjoyed working with artisans since their enterprising nature matches our way of conceiving the creation of objects of desire. This cutlery collection arose from a collaboration with goldsmith atelier Peris Roca Orfebres and, although at the time it was a project with......<\/p><div class=\"q_masonry_blog_post_info\"><span itemprop=\"dateCreated\" class=\"time entry_date updated\">19 July, 2021<meta itemprop=\"interactionCount\" content=\"UserComments: <?php echo get_comments_number(qode_get_page_id()); ?>\"\/><\/span> \/ <a itemprop=\"url\" class=\"post_comments\" href=\"https:\/\/www.sanserif.es\/en\/un-cubierto-sin-mesa\/#respond\">No comment<\/a><\/div><\/div><\/article><article  class='post-9470 post type-post status-publish format-standard has-post-thumbnail hentry category-communication tag-elveranodemivida-en tag-jose-a-gimenez-en tag-lagrimas-de-san-lorenzo-en tag-verano-en tag-zenda-libros-en '><div class=\"q_masonry_blog_post_image\"><a itemprop=\"url\" href=\"https:\/\/www.sanserif.es\/en\/el-largo-de-los-pantalones\/\" target=\"_self\"><img itemprop=\"image\" src=\"https:\/\/www.sanserif.es\/wp-content\/uploads\/2021\/07\/el-verano-de-mi-vida-Zenda.jpg\" \/><\/a><\/div><div class=\"q_masonry_blog_post_text\"><h5 itemprop=\"name\" class=\"q_masonry_blog_title entry_title\"><a itemprop=\"url\" href=\"https:\/\/www.sanserif.es\/en\/el-largo-de-los-pantalones\/\">El largo de los pantalones<\/a><\/h5><p itemprop=\"description\" class=\"q_masonry_blog_excerpt\">No s\u00e9 cu\u00e1ndo aprend\u00ed a hacer anillos de humo. Lo cierto es que ni siquiera recuerdo cuando fum\u00e9 el primer pitillo. S\u00e9 que empec\u00e9 pronto, a\u00fan con rodillas negras y barro en las manos. Entonces pas\u00e1bamos tanto tiempo en la calle, que algo ten\u00edamos que......<\/p><div class=\"q_masonry_blog_post_info\"><span itemprop=\"dateCreated\" class=\"time entry_date updated\">17 July, 2021<meta itemprop=\"interactionCount\" content=\"UserComments: <?php echo get_comments_number(qode_get_page_id()); ?>\"\/><\/span> \/ <a itemprop=\"url\" class=\"post_comments\" href=\"https:\/\/www.sanserif.es\/en\/el-largo-de-los-pantalones\/#respond\">No comment<\/a><\/div><\/div><\/article><article  class='post-9485 post type-post status-publish format-standard has-post-thumbnail hentry category-exhibition category-graphic-design-en tag-ana-yago-en tag-boke-bazan-en tag-diputacion-de-valencia-en tag-etsid-en tag-gimeno-grafic-en tag-muvim-en tag-sanserif-creatius-en tag-tipography tag-upv-en tag-valencia-plaza-en '><div class=\"q_masonry_blog_post_image\"><a itemprop=\"url\" href=\"https:\/\/www.sanserif.es\/en\/valencia-plaza-el-muvim-se-viste-de-letras\/\" target=\"_self\"><img itemprop=\"image\" src=\"https:\/\/www.sanserif.es\/wp-content\/uploads\/2021\/07\/210623-Cultur-Plaza-Expo-Muvim-WEB.jpg\" \/><\/a><\/div><div class=\"q_masonry_blog_post_text\"><h5 itemprop=\"name\" class=\"q_masonry_blog_title entry_title\"><a itemprop=\"url\" href=\"https:\/\/www.sanserif.es\/en\/valencia-plaza-el-muvim-se-viste-de-letras\/\">Valencia Plaza: El Muvim dressed in letters<\/a><\/h5><p itemprop=\"description\" class=\"q_masonry_blog_excerpt\">Supplement CulturPlaza in newspaper Valencia Plaza includes an article on the exhibition \u201cEs pot xafar la l\u00ednia\u201d (loosely meaning \u201cYou can cross the line\u201d) at Museo Valenciano de la Ilustraci\u00f3n y de la Modernidad (Valencian Museum of Illustration and Modernity), in which it is our......<\/p><div class=\"q_masonry_blog_post_info\"><span itemprop=\"dateCreated\" class=\"time entry_date updated\">02 July, 2021<meta itemprop=\"interactionCount\" content=\"UserComments: <?php echo get_comments_number(qode_get_page_id()); ?>\"\/><\/span> \/ <a itemprop=\"url\" class=\"post_comments\" href=\"https:\/\/www.sanserif.es\/en\/valencia-plaza-el-muvim-se-viste-de-letras\/#respond\">No comment<\/a><\/div><\/div><\/article><article  class='post-9488 post type-post status-publish format-standard has-post-thumbnail hentry category-exhibition category-graphic-design-en tag-ana-yago-en tag-diputacion-de-valencia-en tag-etsid-en tag-muvim-en tag-sanserif-creatius-en tag-sanserif-es-en tag-typography tag-upv-en '><div class=\"q_masonry_blog_post_image\"><a itemprop=\"url\" href=\"https:\/\/www.sanserif.es\/en\/tu-yo-y-el-horizonte\/\" target=\"_self\"><img itemprop=\"image\" src=\"https:\/\/www.sanserif.es\/wp-content\/uploads\/2021\/07\/Expo-Es-pot-xafar-la-linea-Sanserif.jpg\" \/><\/a><\/div><div class=\"q_masonry_blog_post_text\"><h5 itemprop=\"name\" class=\"q_masonry_blog_title entry_title\"><a itemprop=\"url\" href=\"https:\/\/www.sanserif.es\/en\/tu-yo-y-el-horizonte\/\">T\u00fa, yo y el horizonte<\/a><\/h5><p itemprop=\"description\" class=\"q_masonry_blog_excerpt\">\u201cT\u00fa, yo y el horizonte\u201d (\u201cYou, I, and the horizon\u201d) is the art piece that we Sanserif Creatius have selected from the exhibition \u201cEspot xafar la l\u00ednia\u201d (loosely meaning \u201cYou can cross the line\u201d), which opens its doors today in Museo Valenciano de la Ilustraci\u00f3n......<\/p><div class=\"q_masonry_blog_post_info\"><span itemprop=\"dateCreated\" class=\"time entry_date updated\">23 June, 2021<meta itemprop=\"interactionCount\" content=\"UserComments: <?php echo get_comments_number(qode_get_page_id()); ?>\"\/><\/span> \/ <a itemprop=\"url\" class=\"post_comments\" href=\"https:\/\/www.sanserif.es\/en\/tu-yo-y-el-horizonte\/#respond\">No comment<\/a><\/div><\/div><\/article><article  class='post-10423 post type-post status-publish format-standard has-post-thumbnail hentry category-ceramic category-graphic-design-en tag-adn-ceramico-en tag-ana-yago-en tag-ceramica-en tag-jose-a-gimenez-en tag-sanserif-creatius-en tag-valencia-en tag-valencia-capital-mundial-del-diseno-en tag-wdcc-2022-en '><div class=\"q_masonry_blog_post_image\"><a itemprop=\"url\" href=\"https:\/\/www.sanserif.es\/en\/9358\/\" target=\"_self\"><img itemprop=\"image\" src=\"https:\/\/www.sanserif.es\/wp-content\/uploads\/2017\/01\/1400Crea_trioBoth.jpg\" \/><\/a><\/div><div class=\"q_masonry_blog_post_text\"><h5 itemprop=\"name\" class=\"q_masonry_blog_title entry_title\"><a itemprop=\"url\" href=\"https:\/\/www.sanserif.es\/en\/9358\/\">Sanserif.es in Ceramic DNA<\/a><\/h5><p itemprop=\"description\" class=\"q_masonry_blog_excerpt\">We are very excited to be part of the first mapping of ceramists in the Valencian Community, promoted by Ana Illueca, and which is part of the activities of promotion of design and craftsmanship of the Val\u00e8ncia World Design Capital event 2022. If you want......<\/p><div class=\"q_masonry_blog_post_info\"><span itemprop=\"dateCreated\" class=\"time entry_date updated\">27 May, 2021<meta itemprop=\"interactionCount\" content=\"UserComments: <?php echo get_comments_number(qode_get_page_id()); ?>\"\/><\/span> \/ <a itemprop=\"url\" class=\"post_comments\" href=\"https:\/\/www.sanserif.es\/en\/9358\/#respond\">No comment<\/a><\/div><\/div><\/article><article  class='post-9476 post type-post status-publish format-standard has-post-thumbnail hentry category-uncategorized tag-ana-yago-en tag-idecart-en tag-inclusion-laboral-en tag-koopera-en tag-wdcc-2022-en '><div class=\"q_masonry_blog_post_image\"><a itemprop=\"url\" href=\"https:\/\/www.sanserif.es\/en\/co-creacion-con-koopera\/\" target=\"_self\"><img itemprop=\"image\" src=\"https:\/\/www.sanserif.es\/wp-content\/uploads\/2021\/05\/Sanserif-koopera-1.jpg\" \/><\/a><\/div><div class=\"q_masonry_blog_post_text\"><h5 itemprop=\"name\" class=\"q_masonry_blog_title entry_title\"><a itemprop=\"url\" href=\"https:\/\/www.sanserif.es\/en\/co-creacion-con-koopera\/\">Co-creaci\u00f3n con Koopera<\/a><\/h5><p itemprop=\"description\" class=\"q_masonry_blog_excerpt\">Ya estamos en el ecuador del proyecto de talleres de co-creaci\u00f3n en @koopera_org #kooperamediterranea y ya se empiezan a ver cosas interesantes\u2026 Desde sanserif.es en la figura de @anayagosanserif estamos encantados en colaborar con el proyecto \u201cDise\u00f1o: Lo por venir\u201d impulsado por @idecart_arteterapia y la......<\/p><div class=\"q_masonry_blog_post_info\"><span itemprop=\"dateCreated\" class=\"time entry_date updated\">04 May, 2021<meta itemprop=\"interactionCount\" content=\"UserComments: <?php echo get_comments_number(qode_get_page_id()); ?>\"\/><\/span> \/ <a itemprop=\"url\" class=\"post_comments\" href=\"https:\/\/www.sanserif.es\/en\/co-creacion-con-koopera\/#respond\">No comment<\/a><\/div><\/div><\/article><article  class='post-9490 post type-post status-publish format-standard has-post-thumbnail hentry category-graphic-design-en category-product-design tag-ana-yago-en tag-camara-de-valencia tag-collaborative-design tag-gender-based-violence tag-jose-a-gimenez-en tag-sanserif-creatius-en tag-upv-en '><div class=\"q_masonry_blog_post_image\"><a itemprop=\"url\" href=\"https:\/\/www.sanserif.es\/en\/collaborative-design-against-gender-based-violence\/\" target=\"_self\"><img itemprop=\"image\" src=\"https:\/\/www.sanserif.es\/wp-content\/uploads\/2021\/05\/ColCreation-Erasmus.jpg\" \/><\/a><\/div><div class=\"q_masonry_blog_post_text\"><h5 itemprop=\"name\" class=\"q_masonry_blog_title entry_title\"><a itemprop=\"url\" href=\"https:\/\/www.sanserif.es\/en\/collaborative-design-against-gender-based-violence\/\">Collaborative design against Gender-based Violence<\/a><\/h5><p itemprop=\"description\" class=\"q_masonry_blog_excerpt\">First results of collaborative design part of the European Project \u201cErasmus+ Col-Creation\u201d; redesigned wine tags and sustainable stools to fight against gender-based violence. More to come soon. This initiative is part of conference sessions on collaborative designing and co-creation as a strategic tool for the......<\/p><div class=\"q_masonry_blog_post_info\"><span itemprop=\"dateCreated\" class=\"time entry_date updated\">27 April, 2021<meta itemprop=\"interactionCount\" content=\"UserComments: <?php echo get_comments_number(qode_get_page_id()); ?>\"\/><\/span> \/ <a itemprop=\"url\" class=\"post_comments\" href=\"https:\/\/www.sanserif.es\/en\/collaborative-design-against-gender-based-violence\/#respond\">No comment<\/a><\/div><\/div><\/article><article  class='post-10431 post type-post status-publish format-standard has-post-thumbnail hentry category-decoration category-ecodesign-en category-furniture category-interior-design tag-carton-en tag-mueble-auxiliar-en tag-sanserif-creatius-en tag-taburete-oportuno-en tag-territorio-deco-en '><div class=\"q_masonry_blog_post_image\"><a itemprop=\"url\" href=\"https:\/\/www.sanserif.es\/en\/oportuno-en-territorio-deco\/\" target=\"_self\"><img itemprop=\"image\" src=\"https:\/\/www.sanserif.es\/wp-content\/uploads\/2021\/03\/20210322-Oportuno-TerriotrioDeco-WEB.jpg\" \/><\/a><\/div><div class=\"q_masonry_blog_post_text\"><h5 itemprop=\"name\" class=\"q_masonry_blog_title entry_title\"><a itemprop=\"url\" href=\"https:\/\/www.sanserif.es\/en\/oportuno-en-territorio-deco\/\">Oportuno inTerritorio Deco<\/a><\/h5><p itemprop=\"description\" class=\"q_masonry_blog_excerpt\">CHANCE!!! Two stools for 10\u20ac Can you imagine a cardboard stool that can equally serve as a table, as a footrest or as an occasional seat for unexpected visitors\u2026 Come on, an Opportune stool. Well\u2026 stop imagining and take advantage of @territorioDeco offer and get......<\/p><div class=\"q_masonry_blog_post_info\"><span itemprop=\"dateCreated\" class=\"time entry_date updated\">22 March, 2021<meta itemprop=\"interactionCount\" content=\"UserComments: <?php echo get_comments_number(qode_get_page_id()); ?>\"\/><\/span> \/ <a itemprop=\"url\" class=\"post_comments\" href=\"https:\/\/www.sanserif.es\/en\/oportuno-en-territorio-deco\/#respond\">No comment<\/a><\/div><\/div><\/article><article  class='post-9493 post type-post status-publish format-standard has-post-thumbnail hentry category-decoration category-graphic-design-en tag-ana-yago-en tag-aragorn-en tag-arthur-conan-doyle-en tag-benedict-cumberbatch-en tag-crepusculo-en tag-crowdfunding-en tag-doctor-strange-en tag-dracula-en tag-elendil-en tag-family-tree tag-gamification tag-gondor-en tag-johnny-deep-en tag-jon-nieve-en tag-katniss-everdeen-en tag-my-family-tree-en tag-reina-isabel-ii-en tag-robert-pattison-en tag-sanserif-creatius-en tag-sherlock-holmes-en tag-sinsajo-en tag-targaryen-en tag-verkami-com-en '><div class=\"q_masonry_blog_post_image\"><a itemprop=\"url\" href=\"https:\/\/www.sanserif.es\/en\/mostrar-a-los-ninos-las-diferentes-configuraciones-de-familia\/\" target=\"_self\"><img itemprop=\"image\" src=\"https:\/\/www.sanserif.es\/wp-content\/uploads\/2021\/02\/Sanserif-MyFamilyTree-IsabelII.jpg\" \/><\/a><\/div><div class=\"q_masonry_blog_post_text\"><h5 itemprop=\"name\" class=\"q_masonry_blog_title entry_title\"><a itemprop=\"url\" href=\"https:\/\/www.sanserif.es\/en\/mostrar-a-los-ninos-las-diferentes-configuraciones-de-familia\/\">Showing children that there are different family types<\/a><\/h5><p itemprop=\"description\" class=\"q_masonry_blog_excerpt\">Sanserif Creatius\u2019 designer Ana Yago has launched crowdfunding campaign My Family Tree on crowdfunding platform Verkami (https:\/\/vkm.is\/myfamilytree) for the creation of a family tree with the purpose of introducing children to different family configurations nowadays and the relationships among their members. The aim is to......<\/p><div class=\"q_masonry_blog_post_info\"><span itemprop=\"dateCreated\" class=\"time entry_date updated\">25 February, 2021<meta itemprop=\"interactionCount\" content=\"UserComments: <?php echo get_comments_number(qode_get_page_id()); ?>\"\/><\/span> \/ <a itemprop=\"url\" class=\"post_comments\" href=\"https:\/\/www.sanserif.es\/en\/mostrar-a-los-ninos-las-diferentes-configuraciones-de-familia\/#respond\">No comment<\/a><\/div><\/div><\/article><article  class='post-9250 post type-post status-publish format-standard has-post-thumbnail hentry category-communication category-graphic-design-en tag-alberto-corazon-en tag-dep-en tag-diseno-en tag-fallecimiento-en tag-pedro-almodovar-en '><div class=\"q_masonry_blog_post_image\"><a itemprop=\"url\" href=\"https:\/\/www.sanserif.es\/en\/alberto-corazon-carta-a-mis-colegas\/\" target=\"_self\"><img itemprop=\"image\" src=\"https:\/\/www.sanserif.es\/wp-content\/uploads\/2021\/02\/AlbertoCorazonfeb2021.jpeg\" \/><\/a><\/div><div class=\"q_masonry_blog_post_text\"><h5 itemprop=\"name\" class=\"q_masonry_blog_title entry_title\"><a itemprop=\"url\" href=\"https:\/\/www.sanserif.es\/en\/alberto-corazon-carta-a-mis-colegas\/\">Alberto Coraz\u00f3n: A letter to my colleagues<\/a><\/h5><p itemprop=\"description\" class=\"q_masonry_blog_excerpt\">A letter to my colleagues by a seriously worried designer Alberto Coraz\u00f3n* (published in Articulado by sanserif.es) And the worrying thing is that, just when we thought that design had reached a status amongst all those disciplines enriching and enlightening the way in which we......<\/p><div class=\"q_masonry_blog_post_info\"><span itemprop=\"dateCreated\" class=\"time entry_date updated\">10 February, 2021<meta itemprop=\"interactionCount\" content=\"UserComments: <?php echo get_comments_number(qode_get_page_id()); ?>\"\/><\/span> \/ <a itemprop=\"url\" class=\"post_comments\" href=\"https:\/\/www.sanserif.es\/en\/alberto-corazon-carta-a-mis-colegas\/#respond\">No comment<\/a><\/div><\/div><\/article><article  class='post-9263 post type-post status-publish format-standard has-post-thumbnail hentry category-crafts category-decoration tag-ceramic tag-flatware-en tag-maglia tag-porcelain tag-porvasal-en tag-sanserif-creatius-en '><div class=\"q_masonry_blog_post_image\"><a itemprop=\"url\" href=\"https:\/\/www.sanserif.es\/en\/maglia-by-porvasal\/\" target=\"_self\"><img itemprop=\"image\" src=\"https:\/\/www.sanserif.es\/wp-content\/uploads\/2021\/02\/20160913-sanserif-ConceptoMaglia-WEB.jpg\" \/><\/a><\/div><div class=\"q_masonry_blog_post_text\"><h5 itemprop=\"name\" class=\"q_masonry_blog_title entry_title\"><a itemprop=\"url\" href=\"https:\/\/www.sanserif.es\/en\/maglia-by-porvasal\/\">Maglia by Porvasal<\/a><\/h5><p itemprop=\"description\" class=\"q_masonry_blog_excerpt\">The elegancy is innate, but a product can be repositioned in the marketplace if you give it enough affection. Maglia de Porvasal is an ideal plate to turn a meal into a unique occasion, if you accompany it properly. If you like what you see,......<\/p><div class=\"q_masonry_blog_post_info\"><span itemprop=\"dateCreated\" class=\"time entry_date updated\">08 February, 2021<meta itemprop=\"interactionCount\" content=\"UserComments: <?php echo get_comments_number(qode_get_page_id()); ?>\"\/><\/span> \/ <a itemprop=\"url\" class=\"post_comments\" href=\"https:\/\/www.sanserif.es\/en\/maglia-by-porvasal\/#respond\">No comment<\/a><\/div><\/div><\/article><article  class='post-9258 post type-post status-publish format-standard has-post-thumbnail hentry category-decoration tag-commerce tag-ecofurniture tag-ecologic tag-inner-nature tag-sanserif-creatius-en tag-shop '><div class=\"q_masonry_blog_post_image\"><a itemprop=\"url\" href=\"https:\/\/www.sanserif.es\/en\/healthy-spaces-for-local-commerce\/\" target=\"_self\"><img itemprop=\"image\" src=\"https:\/\/www.sanserif.es\/wp-content\/uploads\/2021\/02\/20210131-InnserNat-Fachada-Protyect-sanserif-WEB.jpg\" \/><\/a><\/div><div class=\"q_masonry_blog_post_text\"><h5 itemprop=\"name\" class=\"q_masonry_blog_title entry_title\"><a itemprop=\"url\" href=\"https:\/\/www.sanserif.es\/en\/healthy-spaces-for-local-commerce\/\">Healthy spaces for local commerce<\/a><\/h5><p itemprop=\"description\" class=\"q_masonry_blog_excerpt\">When you are looking for a healthy product, it is also important to feel that it is surrounded by a natural and clean environment without taking off its capacity to store visible products. This is our work philosophy for a healthy trade. If you like......<\/p><div class=\"q_masonry_blog_post_info\"><span itemprop=\"dateCreated\" class=\"time entry_date updated\">02 February, 2021<meta itemprop=\"interactionCount\" content=\"UserComments: <?php echo get_comments_number(qode_get_page_id()); ?>\"\/><\/span> \/ <a itemprop=\"url\" class=\"post_comments\" href=\"https:\/\/www.sanserif.es\/en\/healthy-spaces-for-local-commerce\/#respond\">No comment<\/a><\/div><\/div><\/article><article  class='post-9266 post type-post status-publish format-standard has-post-thumbnail hentry category-communication tag-mimejormaestro-en tag-concurso-en tag-jose-antonio-gimenez tag-zenda-libros-en '><div class=\"q_masonry_blog_post_image\"><a itemprop=\"url\" href=\"https:\/\/www.sanserif.es\/en\/castillos-en-el-aire-mimejormaestro\/\" target=\"_self\"><img itemprop=\"image\" src=\"https:\/\/www.sanserif.es\/wp-content\/uploads\/2021\/01\/concurso-mi-mejor-maestro-zenda-2021.jpg\" \/><\/a><\/div><div class=\"q_masonry_blog_post_text\"><h5 itemprop=\"name\" class=\"q_masonry_blog_title entry_title\"><a itemprop=\"url\" href=\"https:\/\/www.sanserif.es\/en\/castillos-en-el-aire-mimejormaestro\/\">Castles in the air #MiMejorMaestro<\/a><\/h5><p itemprop=\"description\" class=\"q_masonry_blog_excerpt\">His tiny index finger was moving accurately, plowing through the air of trails that only his eyes were capable of appreciating. Then, those staring at him in silence were unable to figure out. It did not matter that I was in front of a dish......<\/p><div class=\"q_masonry_blog_post_info\"><span itemprop=\"dateCreated\" class=\"time entry_date updated\">27 January, 2021<meta itemprop=\"interactionCount\" content=\"UserComments: <?php echo get_comments_number(qode_get_page_id()); ?>\"\/><\/span> \/ <a itemprop=\"url\" class=\"post_comments\" href=\"https:\/\/www.sanserif.es\/en\/castillos-en-el-aire-mimejormaestro\/#respond\">No comment<\/a><\/div><\/div><\/article><article  class='post-9297 post type-post status-publish format-standard has-post-thumbnail hentry category-communication category-disability category-talks tag-ana-yago-en tag-art-therapists tag-design-en tag-idecart-en tag-sanserif-creatius-en tag-sanserif-es-en tag-valencia-world-capital-of-design tag-wdcc '><div class=\"q_masonry_blog_post_image\"><a itemprop=\"url\" href=\"https:\/\/www.sanserif.es\/en\/designers-and-art-therapists-in-wdcc-2022\/\" target=\"_self\"><img itemprop=\"image\" src=\"https:\/\/www.sanserif.es\/wp-content\/uploads\/2021\/01\/20210113-Dise\u00f1o-y-Arteterapia.jpg\" \/><\/a><\/div><div class=\"q_masonry_blog_post_text\"><h5 itemprop=\"name\" class=\"q_masonry_blog_title entry_title\"><a itemprop=\"url\" href=\"https:\/\/www.sanserif.es\/en\/designers-and-art-therapists-in-wdcc-2022\/\">Designers and Art therapists in WDCC 2022<\/a><\/h5><p itemprop=\"description\" class=\"q_masonry_blog_excerpt\">About twenty designers and art therapists work on a co-creation project aimed at social inclusion, promoted by Val\u00e8ncia World Capital of Design 2022 and the Institute for Research and Development of Creation and Art Therapy Processes (IDECART). The main goal is for design to converge......<\/p><div class=\"q_masonry_blog_post_info\"><span itemprop=\"dateCreated\" class=\"time entry_date updated\">18 January, 2021<meta itemprop=\"interactionCount\" content=\"UserComments: <?php echo get_comments_number(qode_get_page_id()); ?>\"\/><\/span> \/ <a itemprop=\"url\" class=\"post_comments\" href=\"https:\/\/www.sanserif.es\/en\/designers-and-art-therapists-in-wdcc-2022\/#respond\">No comment<\/a><\/div><\/div><\/article><article  class='post-9299 post type-post status-publish format-standard has-post-thumbnail hentry category-fashion-en category-graphic-design-en category-shop tag-facemask tag-hipster tag-in-your-face-en tag-mask-a-porter tag-sanserif-creatius-en '><div class=\"q_masonry_blog_post_image\"><a itemprop=\"url\" href=\"https:\/\/www.sanserif.es\/en\/hipster-in-masks-a-porter\/\" target=\"_self\"><img itemprop=\"image\" src=\"https:\/\/www.sanserif.es\/wp-content\/uploads\/2020\/12\/MasksAPorter-Hipster.png\" \/><\/a><\/div><div class=\"q_masonry_blog_post_text\"><h5 itemprop=\"name\" class=\"q_masonry_blog_title entry_title\"><a itemprop=\"url\" href=\"https:\/\/www.sanserif.es\/en\/hipster-in-masks-a-porter\/\">Hipster in Masks-A-Porter<\/a><\/h5><p itemprop=\"description\" class=\"q_masonry_blog_excerpt\">If you are a real hipster or one of those who take care of their looking to the smallest detail, you can\u2019t miss the opportunity to show off your beard wherever you go with the #hipster #certified #mask Look for it in Masks-A-Porter and discover......<\/p><div class=\"q_masonry_blog_post_info\"><span itemprop=\"dateCreated\" class=\"time entry_date updated\">04 December, 2020<meta itemprop=\"interactionCount\" content=\"UserComments: <?php echo get_comments_number(qode_get_page_id()); ?>\"\/><\/span> \/ <a itemprop=\"url\" class=\"post_comments\" href=\"https:\/\/www.sanserif.es\/en\/hipster-in-masks-a-porter\/#respond\">No comment<\/a><\/div><\/div><\/article><article  class='post-9301 post type-post status-publish format-standard has-post-thumbnail hentry category-communication category-fashion-en category-graphic-design-en category-shop tag-facemasks tag-in-your-face-en tag-nachete-vg-gamer tag-sanserif-creatius-en tag-star-wars tag-verkami '><div class=\"q_masonry_blog_post_image\"><a itemprop=\"url\" href=\"https:\/\/www.sanserif.es\/en\/nachete-vg-gamer-joins-in-your-face\/\" target=\"_self\"><img itemprop=\"image\" src=\"https:\/\/www.sanserif.es\/wp-content\/uploads\/2020\/12\/NacheteVG-Mascarillas-Sanserif-1.jpg\" \/><\/a><\/div><div class=\"q_masonry_blog_post_text\"><h5 itemprop=\"name\" class=\"q_masonry_blog_title entry_title\"><a itemprop=\"url\" href=\"https:\/\/www.sanserif.es\/en\/nachete-vg-gamer-joins-in-your-face\/\">Nachete VG Gamer joins In Your Face<\/a><\/h5><p itemprop=\"description\" class=\"q_masonry_blog_excerpt\">It is always a pleasure to see someone using or giving good reviews of our #masks And, in the case of Nachete Video and Board gamer, it is also a joy for the illusion, honesty and good vibes that it puts on them. Find out......<\/p><div class=\"q_masonry_blog_post_info\"><span itemprop=\"dateCreated\" class=\"time entry_date updated\">03 December, 2020<meta itemprop=\"interactionCount\" content=\"UserComments: <?php echo get_comments_number(qode_get_page_id()); ?>\"\/><\/span> \/ <a itemprop=\"url\" class=\"post_comments\" href=\"https:\/\/www.sanserif.es\/en\/nachete-vg-gamer-joins-in-your-face\/#respond\">No comment<\/a><\/div><\/div><\/article><article  class='post-9304 post type-post status-publish format-standard has-post-thumbnail hentry category-communication category-fashion-en category-graphic-design-en tag-facemask tag-fashion-en tag-fashion-united tag-in-your-face-en tag-masks-a-porter-en tag-paula-v-pinuaga tag-sanserif-creatius-en '><div class=\"q_masonry_blog_post_image\"><a itemprop=\"url\" href=\"https:\/\/www.sanserif.es\/en\/masks-a-porter-en-fashion-united\/\" target=\"_self\"><img itemprop=\"image\" src=\"https:\/\/www.sanserif.es\/wp-content\/uploads\/2020\/12\/20201130-Fashion-United.png\" \/><\/a><\/div><div class=\"q_masonry_blog_post_text\"><h5 itemprop=\"name\" class=\"q_masonry_blog_title entry_title\"><a itemprop=\"url\" href=\"https:\/\/www.sanserif.es\/en\/masks-a-porter-en-fashion-united\/\">Masks-A-Porter in Fashion United<\/a><\/h5><p itemprop=\"description\" class=\"q_masonry_blog_excerpt\">The editor Paula V. Pinuaga of Fashion United highlights the Masks-A-Porter mask marketplace as the ideal place for \u201cfashionistas looking for stylish masks\u201d Go read them: https:\/\/www.masksaporter.com And if you want to read the full text: https:\/\/fashionunited.es\/noticias\/moda\/nace-masks-a-porter-web-de-mascarillas-de-autor\/2020113034074 \u201cAmong the designers and brands we can find......<\/p><div class=\"q_masonry_blog_post_info\"><span itemprop=\"dateCreated\" class=\"time entry_date updated\">01 December, 2020<meta itemprop=\"interactionCount\" content=\"UserComments: <?php echo get_comments_number(qode_get_page_id()); ?>\"\/><\/span> \/ <a itemprop=\"url\" class=\"post_comments\" href=\"https:\/\/www.sanserif.es\/en\/masks-a-porter-en-fashion-united\/#respond\">No comment<\/a><\/div><\/div><\/article><article  class='post-9506 post type-post status-publish format-standard has-post-thumbnail hentry category-craftsman category-decoration category-fair category-glass tag-aceite-de-oliva-en tag-handmade tag-maketplace-en tag-marbella-design-fair-en tag-paisajes-del-olivar-en tag-reloj-de-aceite-en tag-sanserif-creatius-en tag-territorio-deco-en tag-unesco-en '><div class=\"q_masonry_blog_post_image\"><a itemprop=\"url\" href=\"https:\/\/www.sanserif.es\/en\/andalucia-y-un-reloj-de-aceite-de-oliva\/\" target=\"_self\"><img itemprop=\"image\" src=\"https:\/\/www.sanserif.es\/wp-content\/uploads\/2020\/10\/202009-TerritorioDeco-Moments.png\" \/><\/a><\/div><div class=\"q_masonry_blog_post_text\"><h5 itemprop=\"name\" class=\"q_masonry_blog_title entry_title\"><a itemprop=\"url\" href=\"https:\/\/www.sanserif.es\/en\/andalucia-y-un-reloj-de-aceite-de-oliva\/\">Andaluc\u00eda and an olive oil watch<\/a><\/h5><p itemprop=\"description\" class=\"q_masonry_blog_excerpt\">Andaluc\u00eda and olive oil have a very special relation. As the olive grove land par excellence, there\u2019s no better place to present the olive oil watch Moments, designed by Sanserif.es and presented at the Marbella Deisign Fair by the design and decoration marketplace Territorio Deco.......<\/p><div class=\"q_masonry_blog_post_info\"><span itemprop=\"dateCreated\" class=\"time entry_date updated\">25 September, 2020<meta itemprop=\"interactionCount\" content=\"UserComments: <?php echo get_comments_number(qode_get_page_id()); ?>\"\/><\/span> \/ <a itemprop=\"url\" class=\"post_comments\" href=\"https:\/\/www.sanserif.es\/en\/andalucia-y-un-reloj-de-aceite-de-oliva\/#respond\">No comment<\/a><\/div><\/div><\/article><article  class='post-9095 post type-post status-publish format-standard has-post-thumbnail hentry category-fashion-en category-graphic-design-en tag-beast tag-coronavirus-en tag-covid19-en tag-facemask tag-in-your-face-en tag-promo tag-sanserif-creatius-en tag-verkami '><div class=\"q_masonry_blog_post_image\"><a itemprop=\"url\" href=\"https:\/\/www.sanserif.es\/en\/quick-and-mortal-promo\/\" target=\"_self\"><img itemprop=\"image\" src=\"https:\/\/www.sanserif.es\/wp-content\/uploads\/2020\/08\/Sanserif-InYourFace-PromoInicial-24h.jpg\" \/><\/a><\/div><div class=\"q_masonry_blog_post_text\"><h5 itemprop=\"name\" class=\"q_masonry_blog_title entry_title\"><a itemprop=\"url\" href=\"https:\/\/www.sanserif.es\/en\/quick-and-mortal-promo\/\">QUICK AND MORTAL promo<\/a><\/h5><p itemprop=\"description\" class=\"q_masonry_blog_excerpt\">QUICK AND MORTAL promotion&#8230; We start a new crowdfunding campaign with Verkami: https:\/\/vkm.is\/inyourface2 and we do it with special promotion. During the first 24h of the campaign, the pack of 2 BEAST masks at 16\u20ac, but only for the fastest ones because the units are......<\/p><div class=\"q_masonry_blog_post_info\"><span itemprop=\"dateCreated\" class=\"time entry_date updated\">02 August, 2020<meta itemprop=\"interactionCount\" content=\"UserComments: <?php echo get_comments_number(qode_get_page_id()); ?>\"\/><\/span> \/ <a itemprop=\"url\" class=\"post_comments\" href=\"https:\/\/www.sanserif.es\/en\/quick-and-mortal-promo\/#respond\">No comment<\/a><\/div><\/div><\/article><article  class='post-9097 post type-post status-publish format-standard has-post-thumbnail hentry category-fashion-en category-graphic-design-en tag-coronavirus-en tag-covid19-en tag-crowdfunding-en tag-facemask tag-in-your-face-en tag-sanserif-creatius-en tag-verkami '><div class=\"q_masonry_blog_post_image\"><a itemprop=\"url\" href=\"https:\/\/www.sanserif.es\/en\/were-back-with-the-best-masks-on-the-market\/\" target=\"_self\"><img itemprop=\"image\" src=\"https:\/\/www.sanserif.es\/wp-content\/uploads\/2020\/08\/portada-c-logo_0004_chica-midas.jpg\" \/><\/a><\/div><div class=\"q_masonry_blog_post_text\"><h5 itemprop=\"name\" class=\"q_masonry_blog_title entry_title\"><a itemprop=\"url\" href=\"https:\/\/www.sanserif.es\/en\/were-back-with-the-best-masks-on-the-market\/\">We&#8217;re back with the best masks on the market!<\/a><\/h5><p itemprop=\"description\" class=\"q_masonry_blog_excerpt\">Washable, reusable, with double official accreditation, manufactured in Spain with 100% renewable energy and minimum environmental impact. The second season of In Your Face masks is here: https:\/\/vkm.is\/inyourface2 Preview video: Choose the one that suits you best&#8230; the dazzling elegance of Midas? the galaxy&#8217;s nicest......<\/p><div class=\"q_masonry_blog_post_info\"><span itemprop=\"dateCreated\" class=\"time entry_date updated\">31 July, 2020<meta itemprop=\"interactionCount\" content=\"UserComments: <?php echo get_comments_number(qode_get_page_id()); ?>\"\/><\/span> \/ <a itemprop=\"url\" class=\"post_comments\" href=\"https:\/\/www.sanserif.es\/en\/were-back-with-the-best-masks-on-the-market\/#respond\">No comment<\/a><\/div><\/div><\/article><article  class='post-9070 post type-post status-publish format-standard has-post-thumbnail hentry category-product-design category-shop tag-coronavirus-en tag-covid19-en tag-doctor-mortis tag-facemasks tag-harry-potter tag-in-your-face-en tag-sanserif-creatius-en tag-star-wars tag-tolkien '><div class=\"q_masonry_blog_post_image\"><a itemprop=\"url\" href=\"https:\/\/www.sanserif.es\/en\/wanna-be-a-dark-lord\/\" target=\"_self\"><img itemprop=\"image\" src=\"https:\/\/www.sanserif.es\/wp-content\/uploads\/2020\/05\/Sanserif-InYourFace-SraOscura-0405-WEB.jpg\" \/><\/a><\/div><div class=\"q_masonry_blog_post_text\"><h5 itemprop=\"name\" class=\"q_masonry_blog_title entry_title\"><a itemprop=\"url\" href=\"https:\/\/www.sanserif.es\/en\/wanna-be-a-dark-lord\/\">Wanna be a Dark Lord?<\/a><\/h5><p itemprop=\"description\" class=\"q_masonry_blog_excerpt\">From Tolkien to Harry Potter, from Star Wars to Doctor Mortis to Sabrina&#8217;s Hidden World, the Dark Lord is a name often used in fiction to refer to a powerful villain surrounded by henchmen, who often seek dominion or destruction of the world, the galaxy......<\/p><div class=\"q_masonry_blog_post_info\"><span itemprop=\"dateCreated\" class=\"time entry_date updated\">05 July, 2020<meta itemprop=\"interactionCount\" content=\"UserComments: <?php echo get_comments_number(qode_get_page_id()); ?>\"\/><\/span> \/ <a itemprop=\"url\" class=\"post_comments\" href=\"https:\/\/www.sanserif.es\/en\/wanna-be-a-dark-lord\/#respond\">No comment<\/a><\/div><\/div><\/article><article  class='post-9067 post type-post status-publish format-standard has-post-thumbnail hentry category-product-design category-shop tag-coronavirus-en tag-covid19-en tag-fem-salut-mental-en tag-in-your-face-en tag-mascarillas-en tag-salud-mental-en tag-solidaridad-en '><div class=\"q_masonry_blog_post_image\"><a itemprop=\"url\" href=\"https:\/\/www.sanserif.es\/en\/mascarillas-solidarias\/\" target=\"_self\"><img itemprop=\"image\" src=\"https:\/\/www.sanserif.es\/wp-content\/uploads\/2020\/07\/Certificado-Fem-Salut-Mental-Verkami.jpg\" \/><\/a><\/div><div class=\"q_masonry_blog_post_text\"><h5 itemprop=\"name\" class=\"q_masonry_blog_title entry_title\"><a itemprop=\"url\" href=\"https:\/\/www.sanserif.es\/en\/mascarillas-solidarias\/\">Facemasks for free<\/a><\/h5><p itemprop=\"description\" class=\"q_masonry_blog_excerpt\">Thank you to all the sponsors who donated masks to the Sanserif.es In Your Face project on Verkami With your support, FEM SALUT MENTAL can continue with rehabilitation, social and labor integration programs for people with mental health issues and their families. And if you......<\/p><div class=\"q_masonry_blog_post_info\"><span itemprop=\"dateCreated\" class=\"time entry_date updated\">29 June, 2020<meta itemprop=\"interactionCount\" content=\"UserComments: <?php echo get_comments_number(qode_get_page_id()); ?>\"\/><\/span> \/ <a itemprop=\"url\" class=\"post_comments\" href=\"https:\/\/www.sanserif.es\/en\/mascarillas-solidarias\/#respond\">No comment<\/a><\/div><\/div><\/article><article  class='post-9057 post type-post status-publish format-standard has-post-thumbnail hentry category-product-design category-shop tag-bisexual tag-coronavirus-en tag-covid19-en tag-facemask tag-gay tag-in-your-face-en tag-lesbian tag-lgbtq tag-queer tag-sanserifcreatius tag-transgender '><div class=\"q_masonry_blog_post_image\"><a itemprop=\"url\" href=\"https:\/\/www.sanserif.es\/en\/no-one-like-you\/\" target=\"_self\"><img itemprop=\"image\" src=\"https:\/\/www.sanserif.es\/wp-content\/uploads\/2020\/07\/Sanserif-Hipster-ExpressL.jpg\" \/><\/a><\/div><div class=\"q_masonry_blog_post_text\"><h5 itemprop=\"name\" class=\"q_masonry_blog_title entry_title\"><a itemprop=\"url\" href=\"https:\/\/www.sanserif.es\/en\/no-one-like-you\/\">No one like you<\/a><\/h5><p itemprop=\"description\" class=\"q_masonry_blog_excerpt\">Find yourself and be yourself; remember there is no one like you Available at http:\/\/www.sanserif.es\/shop\/ #coronavirus #mascarilla #InYourface #sanserifcreatius #covid19 #outfitoftheday #fashion #moda #design #dise\u00f1o\u00a0#globalpride #globalpride2020 #pride2020 #lgbtq #lesbian #gay #bisexual #transgender #queer #worldwide #worldwidepride #pridenonstop #yearroundpride #existpersistresist #interpride #pridelive #onlinepride #virtualpride...<\/p><div class=\"q_masonry_blog_post_info\"><span itemprop=\"dateCreated\" class=\"time entry_date updated\">28 June, 2020<meta itemprop=\"interactionCount\" content=\"UserComments: <?php echo get_comments_number(qode_get_page_id()); ?>\"\/><\/span> \/ <a itemprop=\"url\" class=\"post_comments\" href=\"https:\/\/www.sanserif.es\/en\/no-one-like-you\/#respond\">No comment<\/a><\/div><\/div><\/article><article  class='post-9053 post type-post status-publish format-standard has-post-thumbnail hentry category-fashion-en category-shop tag-coronavirus-en tag-covid19-en tag-facemask tag-in-your-face-en tag-on-line-shop tag-sanserif-creatius-en '><div class=\"q_masonry_blog_post_image\"><a itemprop=\"url\" href=\"https:\/\/www.sanserif.es\/en\/abrimos-tienda-on-line\/\" target=\"_self\"><img itemprop=\"image\" src=\"https:\/\/www.sanserif.es\/wp-content\/uploads\/2020\/07\/Sanserif-shop-Mascarillas-2.png\" \/><\/a><\/div><div class=\"q_masonry_blog_post_text\"><h5 itemprop=\"name\" class=\"q_masonry_blog_title entry_title\"><a itemprop=\"url\" href=\"https:\/\/www.sanserif.es\/en\/abrimos-tienda-on-line\/\">On line shop&#8230; \u00a1Open!<\/a><\/h5><p itemprop=\"description\" class=\"q_masonry_blog_excerpt\">Now, you can order your In Your Face masks wherever you are&#8230; and whatever time it is&#8230; Available at the Sanserif online shop 24h: http:\/\/www.sanserif.es\/shop\/ #coronavirus #mascarilla #InYourface #sanserifcreatius #covid19 #outfitoftheday #fashion #moda #design #dise\u00f1o #globalpride #globalpride2020 #pride2020 #lgbtq #lesbian #gay #bisexual #transgender #queer #worldwide......<\/p><div class=\"q_masonry_blog_post_info\"><span itemprop=\"dateCreated\" class=\"time entry_date updated\">24 June, 2020<meta itemprop=\"interactionCount\" content=\"UserComments: <?php echo get_comments_number(qode_get_page_id()); ?>\"\/><\/span> \/ <a itemprop=\"url\" class=\"post_comments\" href=\"https:\/\/www.sanserif.es\/en\/abrimos-tienda-on-line\/#respond\">No comment<\/a><\/div><\/div><\/article><article  class='post-9042 post type-post status-publish format-standard has-post-thumbnail hentry category-decoration tag-ana-yago-en tag-coronavirus-en tag-covid19-en tag-interior-design tag-sanserif-creatius-en '><div class=\"q_masonry_blog_post_image\"><a itemprop=\"url\" href=\"https:\/\/www.sanserif.es\/en\/and-there-was-light\/\" target=\"_self\"><img itemprop=\"image\" src=\"https:\/\/www.sanserif.es\/wp-content\/uploads\/2020\/07\/Sanserif-Interiores-AnaYago-Detalle.jpg\" \/><\/a><\/div><div class=\"q_masonry_blog_post_text\"><h5 itemprop=\"name\" class=\"q_masonry_blog_title entry_title\"><a itemprop=\"url\" href=\"https:\/\/www.sanserif.es\/en\/and-there-was-light\/\">And there was light&#8230;<\/a><\/h5><p itemprop=\"description\" class=\"q_masonry_blog_excerpt\">The interior design and decoration in times of confinement have been a challenge. The delivery companies couldn&#8217;t get the orders in, the assemblers couldn&#8217;t get the parts ready, the customer services were on the fringes and&#8230; the customers didn&#8217;t even notice. But, back to the......<\/p><div class=\"q_masonry_blog_post_info\"><span itemprop=\"dateCreated\" class=\"time entry_date updated\">06 June, 2020<meta itemprop=\"interactionCount\" content=\"UserComments: <?php echo get_comments_number(qode_get_page_id()); ?>\"\/><\/span> \/ <a itemprop=\"url\" class=\"post_comments\" href=\"https:\/\/www.sanserif.es\/en\/and-there-was-light\/#respond\">No comment<\/a><\/div><\/div><\/article><article  class='post-8864 post type-post status-publish format-standard has-post-thumbnail hentry category-fashion-en category-graphic-design-en category-product-design tag-covid19-en tag-facemask tag-in-tour-face tag-sanserif-creatius-en '><div class=\"q_masonry_blog_post_image\"><a itemprop=\"url\" href=\"https:\/\/www.sanserif.es\/en\/kiss-me-kiss-me-as-if-it-were-the-last-time\/\" target=\"_self\"><img itemprop=\"image\" src=\"https:\/\/www.sanserif.es\/wp-content\/uploads\/2020\/06\/Sanserif-InYourFace-RedLipsXpress-Lateral.jpg\" \/><\/a><\/div><div class=\"q_masonry_blog_post_text\"><h5 itemprop=\"name\" class=\"q_masonry_blog_title entry_title\"><a itemprop=\"url\" href=\"https:\/\/www.sanserif.es\/en\/kiss-me-kiss-me-as-if-it-were-the-last-time\/\">\u201cKiss me. Kiss me as if it were the last time\u201d<\/a><\/h5><p itemprop=\"description\" class=\"q_masonry_blog_excerpt\">Yeah, it&#8217;s Casablanca. It&#8217;s Ingrid Bergman and Humphrey Bogart&#8217;s scene, but it&#8217;s just&#8230; there&#8217;s only 24 hours left! And it&#8217;ll be the last time you can buy In Your Face masks at Verkami More information about this crowdfunding at https:\/\/vkm.is\/inyourface #coronavirus #mascarilla #crowdfunding #InYourface #sanserifcreatius......<\/p><div class=\"q_masonry_blog_post_info\"><span itemprop=\"dateCreated\" class=\"time entry_date updated\">04 June, 2020<meta itemprop=\"interactionCount\" content=\"UserComments: <?php echo get_comments_number(qode_get_page_id()); ?>\"\/><\/span> \/ <a itemprop=\"url\" class=\"post_comments\" href=\"https:\/\/www.sanserif.es\/en\/kiss-me-kiss-me-as-if-it-were-the-last-time\/#respond\">No comment<\/a><\/div><\/div><\/article><article  class='post-8870 post type-post status-publish format-standard has-post-thumbnail hentry category-fashion-en category-graphic-design-en category-product-design tag-covid19-en tag-facemask tag-in-your-face-en tag-sanserif-creatius-en '><div class=\"q_masonry_blog_post_image\"><a itemprop=\"url\" href=\"https:\/\/www.sanserif.es\/en\/summer-beard\/\" target=\"_self\"><img itemprop=\"image\" src=\"https:\/\/www.sanserif.es\/wp-content\/uploads\/2020\/06\/Sanserif-InYourFace-HipsterXpress-Lateral.jpg\" \/><\/a><\/div><div class=\"q_masonry_blog_post_text\"><h5 itemprop=\"name\" class=\"q_masonry_blog_title entry_title\"><a itemprop=\"url\" href=\"https:\/\/www.sanserif.es\/en\/summer-beard\/\">Summer beard<\/a><\/h5><p itemprop=\"description\" class=\"q_masonry_blog_excerpt\">If your beard gets uncomfortably hot in the summer, you can now wear it whenever you want with In Your Face masks. Last 48 hours! More information about the crowdfunding at https:\/\/vkm.is\/inyourface #coronavirus #mask #crowdfunding #InYourface #sanserifcreatius #covid19 #outfitoftheday #verkami #fashion #dise\u00f1o #barba #moda #design......<\/p><div class=\"q_masonry_blog_post_info\"><span itemprop=\"dateCreated\" class=\"time entry_date updated\">03 June, 2020<meta itemprop=\"interactionCount\" content=\"UserComments: <?php echo get_comments_number(qode_get_page_id()); ?>\"\/><\/span> \/ <a itemprop=\"url\" class=\"post_comments\" href=\"https:\/\/www.sanserif.es\/en\/summer-beard\/#respond\">No comment<\/a><\/div><\/div><\/article><article  class='post-8873 post type-post status-publish format-standard has-post-thumbnail hentry category-fashion-en category-graphic-design-en category-product-design tag-covid19-en tag-facemask tag-in-your-face-en tag-sanserif-creatius-en '><div class=\"q_masonry_blog_post_image\"><a itemprop=\"url\" href=\"https:\/\/www.sanserif.es\/en\/if-you-like-it-for-yourself\/\" target=\"_self\"><img itemprop=\"image\" src=\"https:\/\/www.sanserif.es\/wp-content\/uploads\/2020\/05\/Sanserif-InYourFace-Solidaria-3004-WEB.jpg\" \/><\/a><\/div><div class=\"q_masonry_blog_post_text\"><h5 itemprop=\"name\" class=\"q_masonry_blog_title entry_title\"><a itemprop=\"url\" href=\"https:\/\/www.sanserif.es\/en\/if-you-like-it-for-yourself\/\">If you like it for yourself&#8230;<\/a><\/h5><p itemprop=\"description\" class=\"q_masonry_blog_excerpt\">If you like it for yourself, you would still like to be used by the professionals who take care of people with mental health issues and their families at Fem Salut Mental. Now, you can cooperate by getting a pack of reusable masks for the......<\/p><div class=\"q_masonry_blog_post_info\"><span itemprop=\"dateCreated\" class=\"time entry_date updated\">02 June, 2020<meta itemprop=\"interactionCount\" content=\"UserComments: <?php echo get_comments_number(qode_get_page_id()); ?>\"\/><\/span> \/ <a itemprop=\"url\" class=\"post_comments\" href=\"https:\/\/www.sanserif.es\/en\/if-you-like-it-for-yourself\/#respond\">No comment<\/a><\/div><\/div><\/article><article  class='post-8877 post type-post status-publish format-standard has-post-thumbnail hentry category-fashion-en category-graphic-design-en category-product-design tag-covid19-en tag-facemask tag-in-your-face-en tag-sanserif-creatius-en '><div class=\"q_masonry_blog_post_image\"><a itemprop=\"url\" href=\"https:\/\/www.sanserif.es\/en\/just-three-days\/\" target=\"_self\"><img itemprop=\"image\" src=\"https:\/\/www.sanserif.es\/wp-content\/uploads\/2016\/12\/sanserif1300x520Faldon_0004_neutro.jpg\" \/><\/a><\/div><div class=\"q_masonry_blog_post_text\"><h5 itemprop=\"name\" class=\"q_masonry_blog_title entry_title\"><a itemprop=\"url\" href=\"https:\/\/www.sanserif.es\/en\/just-three-days\/\">Just three days!<\/a><\/h5><p itemprop=\"description\" class=\"q_masonry_blog_excerpt\">Just three days! That&#8217;s how much time you have left to order your In Your Face mask and look this happy this summer. Wise men lie, not the eyes! More info: https:\/\/vkm.is\/inyourface #coronavirus #mascarilla #crowdfunding #InYourface #sanserifcreatius #covid19 #outfitoftheday #verkami #fashion #moda #design #dise\u00f1o @anayagosanserif......<\/p><div class=\"q_masonry_blog_post_info\"><span itemprop=\"dateCreated\" class=\"time entry_date updated\">01 June, 2020<meta itemprop=\"interactionCount\" content=\"UserComments: <?php echo get_comments_number(qode_get_page_id()); ?>\"\/><\/span> \/ <a itemprop=\"url\" class=\"post_comments\" href=\"https:\/\/www.sanserif.es\/en\/just-three-days\/#respond\">No comment<\/a><\/div><\/div><\/article><article  class='post-8882 post type-post status-publish format-standard has-post-thumbnail hentry category-fashion-en category-graphic-design-en category-product-design tag-covid19-en tag-facemask tag-in-your-face-en tag-sanserif-creatius-en '><div class=\"q_masonry_blog_post_image\"><a itemprop=\"url\" href=\"https:\/\/www.sanserif.es\/en\/falling-in-love\/\" target=\"_self\"><img itemprop=\"image\" src=\"https:\/\/www.sanserif.es\/wp-content\/uploads\/2020\/05\/Sanserif-Hipster-Express2PP-2005-WEB.jpg\" \/><\/a><\/div><div class=\"q_masonry_blog_post_text\"><h5 itemprop=\"name\" class=\"q_masonry_blog_title entry_title\"><a itemprop=\"url\" href=\"https:\/\/www.sanserif.es\/en\/falling-in-love\/\">Falling in love<\/a><\/h5><p itemprop=\"description\" class=\"q_masonry_blog_excerpt\">Some research says that men only need 8.2 seconds to fall in love&#8230; if you&#8217;ve been watching this post for that long you&#8217;ve fallen in love with our In Your Face masks More info: https:\/\/vkm.is\/inyourface #coronavirus #mascarilla #crowdfunding #InYourface #sanserifcreatius #covid19 #outfitoftheday #verkami #fashion #moda......<\/p><div class=\"q_masonry_blog_post_info\"><span itemprop=\"dateCreated\" class=\"time entry_date updated\">31 May, 2020<meta itemprop=\"interactionCount\" content=\"UserComments: <?php echo get_comments_number(qode_get_page_id()); ?>\"\/><\/span> \/ <a itemprop=\"url\" class=\"post_comments\" href=\"https:\/\/www.sanserif.es\/en\/falling-in-love\/#respond\">No comment<\/a><\/div><\/div><\/article><article  class='post-8886 post type-post status-publish format-standard has-post-thumbnail hentry category-fashion-en category-graphic-design-en category-product-design tag-covid19-en tag-facemask tag-in-your-face-en tag-sanserif-creatius-en '><div class=\"q_masonry_blog_post_image\"><a itemprop=\"url\" href=\"https:\/\/www.sanserif.es\/en\/poetry\/\" target=\"_self\"><img itemprop=\"image\" src=\"https:\/\/www.sanserif.es\/wp-content\/uploads\/2020\/05\/Sanserif-InYourFace-RedLipsXpress-0905-WEB.jpg\" \/><\/a><\/div><div class=\"q_masonry_blog_post_text\"><h5 itemprop=\"name\" class=\"q_masonry_blog_title entry_title\"><a itemprop=\"url\" href=\"https:\/\/www.sanserif.es\/en\/poetry\/\">Poetry<\/a><\/h5><p itemprop=\"description\" class=\"q_masonry_blog_excerpt\">B\u00e9cquer said \u201csouls, whose eyes can speak, may too, kiss with a glance\u201d. Yeah, right, that was because he didn\u2019t know the masks In Your Face. More information: https:\/\/vkm.is\/inyourface #coronavirus #mascarilla #crowdfunding #InYourface #sanserifcreatius #covid19 #outfitoftheday #verkami #fashion #moda #design #dise\u00f1o @anayagosanserif\u00a0#redlips...<\/p><div class=\"q_masonry_blog_post_info\"><span itemprop=\"dateCreated\" class=\"time entry_date updated\">30 May, 2020<meta itemprop=\"interactionCount\" content=\"UserComments: <?php echo get_comments_number(qode_get_page_id()); ?>\"\/><\/span> \/ <a itemprop=\"url\" class=\"post_comments\" href=\"https:\/\/www.sanserif.es\/en\/poetry\/#respond\">No comment<\/a><\/div><\/div><\/article><article  class='post-8833 post type-post status-publish format-standard has-post-thumbnail hentry category-fashion-en category-graphic-design-en category-product-design tag-covid19-en tag-facemask tag-in-your-face-en tag-sanserif-creatius-en tag-verkami '><div class=\"q_masonry_blog_post_image\"><a itemprop=\"url\" href=\"https:\/\/www.sanserif.es\/en\/sanserif-launches-a-verkami-crowdfunding-of-reusable-masks\/\" target=\"_self\"><img itemprop=\"image\" src=\"https:\/\/www.sanserif.es\/wp-content\/uploads\/2020\/05\/20200427-DissenyCV-0505-WEB.jpg\" \/><\/a><\/div><div class=\"q_masonry_blog_post_text\"><h5 itemprop=\"name\" class=\"q_masonry_blog_title entry_title\"><a itemprop=\"url\" href=\"https:\/\/www.sanserif.es\/en\/sanserif-launches-a-verkami-crowdfunding-of-reusable-masks\/\">Sanserif launches a Verkami crowdfunding of reusable masks<\/a><\/h5><p itemprop=\"description\" class=\"q_masonry_blog_excerpt\">In your face: Sanserif lanza un verkami de mascarillas reutilizables (&#8230;) In Your Face has a 99% efficiency in filtration, according to the UNE-EN 14683:2019+AC standard, supported by a report from the approved laboratory N\u00ba2020TM0374 of the Textile Technology Institute in the Valencian Community (Aitex).......<\/p><div class=\"q_masonry_blog_post_info\"><span itemprop=\"dateCreated\" class=\"time entry_date updated\">29 May, 2020<meta itemprop=\"interactionCount\" content=\"UserComments: <?php echo get_comments_number(qode_get_page_id()); ?>\"\/><\/span> \/ <a itemprop=\"url\" class=\"post_comments\" href=\"https:\/\/www.sanserif.es\/en\/sanserif-launches-a-verkami-crowdfunding-of-reusable-masks\/#respond\">No comment<\/a><\/div><\/div><\/article><article  class='post-8891 post type-post status-publish format-standard has-post-thumbnail hentry category-fashion-en category-graphic-design-en category-product-design tag-covid19-en tag-facemask tag-in-your-face-en tag-sanserif-creatius-en '><div class=\"q_masonry_blog_post_image\"><a itemprop=\"url\" href=\"https:\/\/www.sanserif.es\/en\/in-your-face-arrive-baleares\/\" target=\"_self\"><img itemprop=\"image\" src=\"https:\/\/www.sanserif.es\/wp-content\/uploads\/2020\/06\/Sanserif-InYourFace-RedLipsXpress-Baleares-Lateral.jpg\" \/><\/a><\/div><div class=\"q_masonry_blog_post_text\"><h5 itemprop=\"name\" class=\"q_masonry_blog_title entry_title\"><a itemprop=\"url\" href=\"https:\/\/www.sanserif.es\/en\/in-your-face-arrive-baleares\/\">In Your Face arrive Baleares<\/a><\/h5><p itemprop=\"description\" class=\"q_masonry_blog_excerpt\">Show off your lips on the best beaches of the Mediterranean&#8230; now, you can enjoy the red lips xpress in Mallorca, Menorca, Ibiza and Formentera, without forgetting Cabrera, Dragonera, Conejera or la Isla del Aire. More information: https:\/\/vkm.is\/inyourface #coronavirus #mascarilla #crowdfunding #InYourface #sanserifcreatius #covid19 #outfitoftheday......<\/p><div class=\"q_masonry_blog_post_info\"><span itemprop=\"dateCreated\" class=\"time entry_date updated\">28 May, 2020<meta itemprop=\"interactionCount\" content=\"UserComments: <?php echo get_comments_number(qode_get_page_id()); ?>\"\/><\/span> \/ <a itemprop=\"url\" class=\"post_comments\" href=\"https:\/\/www.sanserif.es\/en\/in-your-face-arrive-baleares\/#respond\">No comment<\/a><\/div><\/div><\/article><article  class='post-8787 post type-post status-publish format-standard has-post-thumbnail hentry category-fashion-en category-graphic-design-en category-product-design tag-boardgames tag-election-polls tag-politcs tag-sanserif-creatius-en '><div class=\"q_masonry_blog_post_image\"><a itemprop=\"url\" href=\"https:\/\/www.sanserif.es\/en\/understand-how-electoral-campaigns-are-planned\/\" target=\"_self\"><img itemprop=\"image\" src=\"https:\/\/www.sanserif.es\/wp-content\/uploads\/2019\/11\/Apunt-Presentacion2.jpg\" \/><\/a><\/div><div class=\"q_masonry_blog_post_text\"><h5 itemprop=\"name\" class=\"q_masonry_blog_title entry_title\"><a itemprop=\"url\" href=\"https:\/\/www.sanserif.es\/en\/understand-how-electoral-campaigns-are-planned\/\">Understand how electoral campaigns are planned<\/a><\/h5><p itemprop=\"description\" class=\"q_masonry_blog_excerpt\">A board game designed to understand how electoral campaigns are planned and to bring students closer to concepts such as debate, day before the election, vote count, research commission, or the need for post-electoral agreements to achieve a sufficient majority. More about general e-lection here:......<\/p><div class=\"q_masonry_blog_post_info\"><span itemprop=\"dateCreated\" class=\"time entry_date updated\">26 May, 2020<meta itemprop=\"interactionCount\" content=\"UserComments: <?php echo get_comments_number(qode_get_page_id()); ?>\"\/><\/span> \/ <a itemprop=\"url\" class=\"post_comments\" href=\"https:\/\/www.sanserif.es\/en\/understand-how-electoral-campaigns-are-planned\/#respond\">No comment<\/a><\/div><\/div><\/article><article  class='post-8785 post type-post status-publish format-standard has-post-thumbnail hentry category-fashion-en category-graphic-design-en category-product-design tag-coronavirus-en tag-facemask tag-geek-pride-day tag-in-your-face-en tag-sanserif-creatius-en '><div class=\"q_masonry_blog_post_image\"><a itemprop=\"url\" href=\"https:\/\/www.sanserif.es\/en\/facemask-for-your-geek-pride-day\/\" target=\"_self\"><img itemprop=\"image\" src=\"https:\/\/www.sanserif.es\/wp-content\/uploads\/2020\/05\/InYourFace-SraOscura-WEB.jpg\" \/><\/a><\/div><div class=\"q_masonry_blog_post_text\"><h5 itemprop=\"name\" class=\"q_masonry_blog_title entry_title\"><a itemprop=\"url\" href=\"https:\/\/www.sanserif.es\/en\/facemask-for-your-geek-pride-day\/\">Facemask for your Geek Pride Day<\/a><\/h5><p itemprop=\"description\" class=\"q_masonry_blog_excerpt\">If there is one thing we are proud of, it is enjoying living life to the fullest, no matter how hard it is. Today, the geek pride day, we are proud. And so will be tomorrow. That&#8217;s why we wear masks that represent and identify......<\/p><div class=\"q_masonry_blog_post_info\"><span itemprop=\"dateCreated\" class=\"time entry_date updated\">25 May, 2020<meta itemprop=\"interactionCount\" content=\"UserComments: <?php echo get_comments_number(qode_get_page_id()); ?>\"\/><\/span> \/ <a itemprop=\"url\" class=\"post_comments\" href=\"https:\/\/www.sanserif.es\/en\/facemask-for-your-geek-pride-day\/#respond\">No comment<\/a><\/div><\/div><\/article><article  class='post-8794 post type-post status-publish format-standard has-post-thumbnail hentry category-decoration tag-ana-yago-en tag-home-decor tag-interior-design tag-sanserif-creatius-en '><div class=\"q_masonry_blog_post_image\"><a itemprop=\"url\" href=\"https:\/\/www.sanserif.es\/en\/see-look-contemplate\/\" target=\"_self\"><img itemprop=\"image\" src=\"https:\/\/www.sanserif.es\/wp-content\/uploads\/2020\/05\/Sanserif-Interiores-AnaYago-WEB.jpg\" \/><\/a><\/div><div class=\"q_masonry_blog_post_text\"><h5 itemprop=\"name\" class=\"q_masonry_blog_title entry_title\"><a itemprop=\"url\" href=\"https:\/\/www.sanserif.es\/en\/see-look-contemplate\/\">See, look, contemplate<\/a><\/h5><p itemprop=\"description\" class=\"q_masonry_blog_excerpt\">There are spaces in which light is the main aspect in order to see, that light which is intended to solve the main lighting needs. Others, more than a light to identify the environment, require a light to contemplate. A prominent light which by itself......<\/p><div class=\"q_masonry_blog_post_info\"><span itemprop=\"dateCreated\" class=\"time entry_date updated\">24 May, 2020<meta itemprop=\"interactionCount\" content=\"UserComments: <?php echo get_comments_number(qode_get_page_id()); ?>\"\/><\/span> \/ <a itemprop=\"url\" class=\"post_comments\" href=\"https:\/\/www.sanserif.es\/en\/see-look-contemplate\/#respond\">No comment<\/a><\/div><\/div><\/article><article  class='post-8792 post type-post status-publish format-standard has-post-thumbnail hentry category-fashion-en category-graphic-design-en category-product-design tag-coronavirus-en tag-facemask tag-in-your-face-en tag-red-lips tag-sanserif-creatius-en '><div class=\"q_masonry_blog_post_image\"><a itemprop=\"url\" href=\"https:\/\/www.sanserif.es\/en\/lips-so-thin-that-cut\/\" target=\"_self\"><img itemprop=\"image\" src=\"https:\/\/www.sanserif.es\/wp-content\/uploads\/2020\/05\/Sanserif-InYourFace-RedLipsXpressPP-2305-WEB.jpg\" \/><\/a><\/div><div class=\"q_masonry_blog_post_text\"><h5 itemprop=\"name\" class=\"q_masonry_blog_title entry_title\"><a itemprop=\"url\" href=\"https:\/\/www.sanserif.es\/en\/lips-so-thin-that-cut\/\">Lips so thin that cut<\/a><\/h5><p itemprop=\"description\" class=\"q_masonry_blog_excerpt\">There are lips so thin that instead of kissing they cut&#8230; do you know what mine are like? More info about this crowdfunding at https:\/\/vkm.is\/inyourface #coronavirus #mascarilla #crowdfunding #InYourface #sanserifcreatius #covid19 #outfitoftheday #verkami #fashion #moda #design #dise\u00f1o...<\/p><div class=\"q_masonry_blog_post_info\"><span itemprop=\"dateCreated\" class=\"time entry_date updated\">23 May, 2020<meta itemprop=\"interactionCount\" content=\"UserComments: <?php echo get_comments_number(qode_get_page_id()); ?>\"\/><\/span> \/ <a itemprop=\"url\" class=\"post_comments\" href=\"https:\/\/www.sanserif.es\/en\/lips-so-thin-that-cut\/#respond\">No comment<\/a><\/div><\/div><\/article><article  class='post-8796 post type-post status-publish format-standard has-post-thumbnail hentry category-fashion-en category-graphic-design-en category-product-design tag-ana-yago-en tag-coronavirus-en tag-covid19-en tag-facemask tag-sanserif-creatius-en tag-school tag-verkami '><div class=\"q_masonry_blog_post_image\"><a itemprop=\"url\" href=\"https:\/\/www.sanserif.es\/en\/back-to-school-being-cool\/\" target=\"_self\"><img itemprop=\"image\" src=\"https:\/\/www.sanserif.es\/wp-content\/uploads\/2020\/05\/Sanserif-Mascarillas-Infantiles-1-2205-WEB.jpg\" \/><\/a><\/div><div class=\"q_masonry_blog_post_text\"><h5 itemprop=\"name\" class=\"q_masonry_blog_title entry_title\"><a itemprop=\"url\" href=\"https:\/\/www.sanserif.es\/en\/back-to-school-being-cool\/\">Back to school&#8230; being cool!<\/a><\/h5><p itemprop=\"description\" class=\"q_masonry_blog_excerpt\">If you want to be fashionable when you go back to school, you can&#8217;t miss this opportunity&#8230; Say Cheese! reusable masks from the In Your Face collection created by Sanserif.es More info about this crowdfunding at https:\/\/vkm.is\/inyourface #coronavirus #mascarilla #crowdfunding #InYourface #sanserifcreatius #covid19 #outfitoftheday #verkami......<\/p><div class=\"q_masonry_blog_post_info\"><span itemprop=\"dateCreated\" class=\"time entry_date updated\">22 May, 2020<meta itemprop=\"interactionCount\" content=\"UserComments: <?php echo get_comments_number(qode_get_page_id()); ?>\"\/><\/span> \/ <a itemprop=\"url\" class=\"post_comments\" href=\"https:\/\/www.sanserif.es\/en\/back-to-school-being-cool\/#respond\">No comment<\/a><\/div><\/div><\/article><article  class='post-8807 post type-post status-publish format-standard has-post-thumbnail hentry category-uncategorized tag-board-game tag-e-lecciones-generales tag-election-polls tag-politics tag-sanserif-creatius-en '><div class=\"q_masonry_blog_post_image\"><a itemprop=\"url\" href=\"https:\/\/www.sanserif.es\/en\/do-you-think-politicians-take-advantage-of-you\/\" target=\"_self\"><img itemprop=\"image\" src=\"https:\/\/www.sanserif.es\/wp-content\/uploads\/2019\/11\/Sanserif-Juego-VLC-Bat-web.jpg\" \/><\/a><\/div><div class=\"q_masonry_blog_post_text\"><h5 itemprop=\"name\" class=\"q_masonry_blog_title entry_title\"><a itemprop=\"url\" href=\"https:\/\/www.sanserif.es\/en\/do-you-think-politicians-take-advantage-of-you\/\">Do you think politicians take advantage of you?<\/a><\/h5><p itemprop=\"description\" class=\"q_masonry_blog_excerpt\">Well, there&#8217;s nothing better than learning from the enemy to know how to fight them. We are re-launching the general e-lection game. Do you dare? https:\/\/www.verkami.com\/projects\/24809-e-lecciones-generales Prepare yourself and become La Moncloa&#8217;s highest paid advisor #juegosdemesa #boardgames #politica #10N #sanserifcreatius #Innoducator #Jueducaci\u00f3n #gamificacion...<\/p><div class=\"q_masonry_blog_post_info\"><span itemprop=\"dateCreated\" class=\"time entry_date updated\">21 May, 2020<meta itemprop=\"interactionCount\" content=\"UserComments: <?php echo get_comments_number(qode_get_page_id()); ?>\"\/><\/span> \/ <a itemprop=\"url\" class=\"post_comments\" href=\"https:\/\/www.sanserif.es\/en\/do-you-think-politicians-take-advantage-of-you\/#respond\">No comment<\/a><\/div><\/div><\/article><article  class='post-8797 post type-post status-publish format-standard has-post-thumbnail hentry category-fashion-en category-graphic-design-en category-product-design tag-coronavirus-en tag-covid19-en tag-facemask tag-in-your-face-en tag-sanserif-creatius-en tag-verkami '><div class=\"q_masonry_blog_post_image\"><a itemprop=\"url\" href=\"https:\/\/www.sanserif.es\/en\/just-for-gentlemans\/\" target=\"_self\"><img itemprop=\"image\" src=\"https:\/\/www.sanserif.es\/wp-content\/uploads\/2020\/05\/Sanserif-Hipster-Express2PP-2005-WEB.jpg\" \/><\/a><\/div><div class=\"q_masonry_blog_post_text\"><h5 itemprop=\"name\" class=\"q_masonry_blog_title entry_title\"><a itemprop=\"url\" href=\"https:\/\/www.sanserif.es\/en\/just-for-gentlemans\/\">Just for gentlemans<\/a><\/h5><p itemprop=\"description\" class=\"q_masonry_blog_excerpt\">No matter how much times are changing, a gentleman knows how to adapt to them, without losing his personality. More info about the crowdfunding at https:\/\/vkm.is\/inyourface #coronavirus #mascarilla #crowdfunding #InYourface #sanserifcreatius #covid19 #outfitoftheday #verkami #fashion #moda #design #dise\u00f1o &nbsp;...<\/p><div class=\"q_masonry_blog_post_info\"><span itemprop=\"dateCreated\" class=\"time entry_date updated\">20 May, 2020<meta itemprop=\"interactionCount\" content=\"UserComments: <?php echo get_comments_number(qode_get_page_id()); ?>\"\/><\/span> \/ <a itemprop=\"url\" class=\"post_comments\" href=\"https:\/\/www.sanserif.es\/en\/just-for-gentlemans\/#respond\">No comment<\/a><\/div><\/div><\/article><\/div>[\/vc_column][\/vc_row][vc_row css_animation=&#8221;&#8221; row_type=&#8221;row&#8221; use_row_as_full_screen_section=&#8221;no&#8221; type=&#8221;full_width&#8221; angled_section=&#8221;no&#8221; text_align=&#8221;left&#8221; background_image_as_pattern=&#8221;without_pattern&#8221;][vc_column][vc_gallery type=&#8221;image_grid&#8221; images=&#8221;481,480,478,477&#8243; img_size=&#8221;480&#215;480&#8243; onclick=&#8221;custom_link&#8221; column_number=&#8221;4&#8243; grayscale=&#8221;no&#8221; images_space=&#8221;gallery_without_space&#8221; custom_links=&#8221;#E-8_aHR0cCUzQSUyRiUyRnd3dy5zYW5zZXJpZi5lcyUyRmVuJTJGd2UtZGVzaWduJTJGJTJDaHR0cCUzQSUyRiUyRnd3dy5zYW5zZXJpZi5lcyUyRmVuJTJGd2UtcHVibGlzaCUyRiUyQ2h0dHAlM0ElMkYlMkZ3d3cuc2Fuc2VyaWYuZXMlMkZlbiUyRndlLWRlY29yYXRlJTJGJTJDaHR0cCUzQSUyRiUyRnd3dy5zYW5zZXJpZi5lcyUyRmVuJTJGd2UtY3JlYXRlJTJG&#8221;][\/vc_column][\/vc_row]<\/p>\n","protected":false},"excerpt":{"rendered":"<p>[vc_row css_animation=&#8221;&#8221; row_type=&#8221;row&#8221; use_row_as_full_screen_section=&#8221;no&#8221; type=&#8221;grid&#8221; angled_section=&#8221;no&#8221; text_align=&#8221;left&#8221; background_image_as_pattern=&#8221;without_pattern&#8221; padding_top=&#8221;100&#8243; padding_bottom=&#8221;120&#8243;][vc_column][\/vc_column][\/vc_row][vc_row css_animation=&#8221;&#8221; row_type=&#8221;row&#8221; use_row_as_full_screen_section=&#8221;no&#8221; type=&#8221;full_width&#8221; angled_section=&#8221;no&#8221; text_align=&#8221;left&#8221; background_image_as_pattern=&#8221;without_pattern&#8221;][vc_column][vc_gallery type=&#8221;image_grid&#8221; images=&#8221;481,480,478,477&#8243; img_size=&#8221;480&#215;480&#8243; onclick=&#8221;custom_link&#8221; column_number=&#8221;4&#8243; grayscale=&#8221;no&#8221; images_space=&#8221;gallery_without_space&#8221; custom_links=&#8221;#E-8_aHR0cCUzQSUyRiUyRnd3dy5zYW5zZXJpZi5lcyUyRmVuJTJGd2UtZGVzaWduJTJGJTJDaHR0cCUzQSUyRiUyRnd3dy5zYW5zZXJpZi5lcyUyRmVuJTJGd2UtcHVibGlzaCUyRiUyQ2h0dHAlM0ElMkYlMkZ3d3cuc2Fuc2VyaWYuZXMlMkZlbiUyRndlLWRlY29yYXRlJTJGJTJDaHR0cCUzQSUyRiUyRnd3dy5zYW5zZXJpZi5lcyUyRmVuJTJGd2UtY3JlYXRlJTJG&#8221;][\/vc_column][\/vc_row]<\/p>\n","protected":false},"author":1,"featured_media":0,"parent":0,"menu_order":0,"comment_status":"closed","ping_status":"closed","template":"full_width.php","meta":[],"_links":{"self":[{"href":"https:\/\/www.sanserif.es\/en\/wp-json\/wp\/v2\/pages\/7537"}],"collection":[{"href":"https:\/\/www.sanserif.es\/en\/wp-json\/wp\/v2\/pages"}],"about":[{"href":"https:\/\/www.sanserif.es\/en\/wp-json\/wp\/v2\/types\/page"}],"author":[{"embeddable":true,"href":"https:\/\/www.sanserif.es\/en\/wp-json\/wp\/v2\/users\/1"}],"replies":[{"embeddable":true,"href":"https:\/\/www.sanserif.es\/en\/wp-json\/wp\/v2\/comments?post=7537"}],"version-history":[{"count":1,"href":"https:\/\/www.sanserif.es\/en\/wp-json\/wp\/v2\/pages\/7537\/revisions"}],"predecessor-version":[{"id":7647,"href":"https:\/\/www.sanserif.es\/en\/wp-json\/wp\/v2\/pages\/7537\/revisions\/7647"}],"wp:attachment":[{"href":"https:\/\/www.sanserif.es\/en\/wp-json\/wp\/v2\/media?parent=7537"}],"curies":[{"name":"wp","href":"https:\/\/api.w.org\/{rel}","templated":true}]}}